{"id":8849,"date":"2016-06-21T05:24:18","date_gmt":"2016-06-21T05:24:18","guid":{"rendered":"https:\/\/welcome-ontour.de\/wordpress\/index.php\/2016-05-22-fazit\/"},"modified":"2022-06-30T23:06:16","modified_gmt":"2022-06-30T23:06:16","slug":"2016-05-22-fazit","status":"publish","type":"page","link":"https:\/\/welcome-ontour.de\/wordpress\/index.php\/2016-05-22-fazit\/","title":{"rendered":"2016 05 22 fazit"},"content":{"rendered":"<p style=\"text-align: center;\"><span style=\"font-family: arial, helvetica, sans-serif;\"><a style=\"font-size: x-small; line-height: 1.3em;\" href=\"https:\/\/welcome-ontour.de\/wordpress\/index.php\/2016-05-13-prolog\/\">Prolog<\/a><span style=\"font-size: x-small; line-height: 1.3em;\">\u00a0\u00a0. \u00a0<\/span><a style=\"font-size: x-small; line-height: 1.3em;\" href=\"https:\/\/welcome-ontour.de\/wordpress\/index.php\/2016-05-14\/\">Hinflug<\/a><span style=\"font-size: x-small; line-height: 1.3em;\">\u00a0\u00a0. \u00a0<\/span><a style=\"font-size: x-small; line-height: 1.3em;\" href=\"https:\/\/welcome-ontour.de\/wordpress\/index.php\/2016-05-15\/\">Mesquida<\/a><span style=\"font-size: x-small; line-height: 1.3em;\">\u00a0\u00a0. \u00a0<\/span><a style=\"font-size: x-small; line-height: 1.3em;\" href=\"https:\/\/welcome-ontour.de\/wordpress\/index.php\/2016-05-16\/\">Romantica<\/a><span style=\"font-size: x-small; line-height: 1.3em;\">\u00a0\u00a0. \u00a0<\/span><a style=\"font-size: x-small; line-height: 1.3em;\" href=\"https:\/\/welcome-ontour.de\/wordpress\/index.php\/2016-05-17\/\">Mondrago<\/a><span style=\"font-size: x-small; line-height: 1.3em;\">\u00a0\u00a0. \u00a0<\/span><a style=\"font-size: x-small; line-height: 1.3em;\" href=\"https:\/\/welcome-ontour.de\/wordpress\/index.php\/2016-05-18\/\">Agulla<\/a><span style=\"font-size: x-small; line-height: 1.3em;\">\u00a0\u00a0. \u00a0<\/span><a style=\"font-size: x-small; line-height: 1.3em;\" href=\"https:\/\/welcome-ontour.de\/wordpress\/index.php\/2016-05-19\/\">Torta<\/a><span style=\"font-size: x-small; line-height: 1.3em;\">\u00a0\u00a0. \u00a0<\/span><a style=\"font-size: x-small; line-height: 1.3em;\" href=\"https:\/\/welcome-ontour.de\/wordpress\/index.php\/2016-05-20\/\">Lombardes<\/a><span style=\"font-size: x-small; line-height: 1.3em;\">\u00a0\u00a0. \u00a0<\/span><a style=\"font-size: x-small; line-height: 1.3em;\" href=\"https:\/\/welcome-ontour.de\/wordpress\/index.php\/2016-05-21\/\">R\u00fcckflug<\/a><span style=\"font-size: x-small; line-height: 1.3em;\">\u00a0\u00a0. \u00a0<\/span><a style=\"font-size: x-small; line-height: 1.3em;\" href=\"https:\/\/welcome-ontour.de\/wordpress\/index.php\/2016-05-22-fazit\/\">Fazit<\/a><\/span><\/p>\n<p style=\"text-align: center;\"><span style=\"font-family: arial, helvetica, sans-serif;\"><a style=\"font-size: small; line-height: 1.3em;\" href=\"https:\/\/welcome-ontour.de\/wordpress\/index.php\/2016-05-21\/\">&lt;&lt; zur\u00fcck<\/a><span style=\"font-size: small; line-height: 1.3em;\">\u00a0 \u00a0 \u00a0 \u00a0 \u00a0 \u00a0 \u00a0 \u00a0 \u00a0 \u00a0 \u00a0 \u00a0 \u00a0 \u00a0 \u00a0 \u00a0 \u00a0 \u00a0 \u00a0 \u00a0 \u00a0 \u00a0 \u00a0 \u00a0 \u00a0 \u00a0 \u00a0 \u00a0 \u00a0 \u00a0 \u00a0 \u00a0 \u00a0 \u00a0 \u00a0 \u00a0 \u00a0 \u00a0 \u00a0 \u00a0 \u00a0 \u00a0 \u00a0 \u00a0 \u00a0 \u00a0 \u00a0 \u00a0 \u00a0 \u00a0 \u00a0 \u00a0 \u00a0 \u00a0 \u00a0 \u00a0 \u00a0 \u00a0 \u00a0 \u00a0 \u00a0 \u00a0 \u00a0 \u00a0 \u00a0 \u00a0 \u00a0 \u00a0 \u00a0 \u00a0 \u00a0 \u00a0 \u00a0 \u00a0 \u00a0 \u00a0 \u00a0 \u00a0 \u00a0 \u00a0 \u00a0 \u00a0 \u00a0 \u00a0 \u00a0 \u00a0 \u00a0 \u00a0 \u00a0 \u00a0 \u00a0\u00a0<\/span><a style=\"font-size: small; line-height: 1.3em;\" href=\"https:\/\/welcome-ontour.de\/wordpress\/index.php\/reiseberichte\/\">Reiseberichte &gt;&gt;<\/a><\/span><\/p>\n<p style=\"text-align: center;\"><strong><span style=\"font-family: arial, helvetica, sans-serif; font-size: medium;\">\u00a0<\/span><\/strong><\/p>\n<p style=\"text-align: center;\"><strong style=\"font-size: 12.16px; line-height: 1.3em;\"><span style=\"font-family: arial, helvetica, sans-serif; font-size: medium;\">Fazit<\/span><\/strong><\/p>\n<p style=\"text-align: center;\">\n<p style=\"text-align: center;\"><span style=\"font-family: arial, helvetica, sans-serif; font-size: medium;\">Wie anfangs erw\u00e4hnt, eine Woche Mallorca geht immer.<\/span><\/p>\n<p style=\"text-align: center;\"><span style=\"font-family: arial, helvetica, sans-serif; font-size: medium;\">Mitte Mai hat die Sonne schon reichlich Kraft, Flug- und Hotelkosten sind \u00fcberschaubar <\/span><\/p>\n<p style=\"text-align: center;\"><span style=\"font-family: arial, helvetica, sans-serif; font-size: medium;\">und es sind noch nicht so viele Leute auf der Insel.<\/span><\/p>\n<p style=\"text-align: center;\"><span style=\"font-family: arial, helvetica, sans-serif; font-size: medium;\">Das Meerwasser ist zwar noch recht frisch, aber man kann durchaus schon gut baden.<\/span><\/p>\n<p style=\"text-align: center;\"><span style=\"font-family: arial, helvetica, sans-serif; font-size: medium;\">Im Vorfeld hatten wir uns die Ostk\u00fcste Mallorcas als Ziel ausgesucht.<\/span><\/p>\n<p style=\"text-align: center;\"><span style=\"font-family: arial, helvetica, sans-serif; font-size: medium;\">Von unserem Hotel in S\u2019Illot haben wir t\u00e4gliche Touren von Santanyi bis in die Berge um Arta unternommen.<\/span><\/p>\n<p style=\"text-align: center;\"><span style=\"font-family: arial, helvetica, sans-serif; font-size: medium;\">Einfach nur in Badebuchten relaxt und keinen Gedanken an den normalen Alltag verschwendet.<\/span><\/p>\n<p style=\"text-align: center;\"><span style=\"font-family: arial, helvetica, sans-serif; font-size: medium;\">Der kleine nagelneue Seat Ibiza war f\u00fcr uns zwei v\u00f6llig ausreichend, hat in jede Parkl\u00fccke gepasst und war echt sparsam.<\/span><\/p>\n<p style=\"text-align: center;\"><span style=\"font-family: arial, helvetica, sans-serif; font-size: medium;\">Wir sind insgesamt 608 km unterwegs gewesen und haben dabei 35 Liter Sprit verfahren.<\/span><\/p>\n<p style=\"text-align: center;\"><span style=\"font-family: arial, helvetica, sans-serif; font-size: medium;\">Das Hotel haben wir gew\u00e4hlt, weil es f\u00fcr unsere Zwecke hervorragend gelegen war.<\/span><\/p>\n<p style=\"text-align: center;\"><span style=\"font-family: arial, helvetica, sans-serif; font-size: medium;\">Es hat erst am Vorabend unserer Ankunft nach der Winterpause wieder er\u00f6ffnet.<\/span><\/p>\n<p style=\"text-align: center;\"><span style=\"font-family: arial, helvetica, sans-serif; font-size: medium;\">Zimmer und \u00f6ffentliche Bereiche waren frisch renoviert.<\/span><\/p>\n<p style=\"text-align: center;\"><span style=\"font-family: arial, helvetica, sans-serif; font-size: medium;\">Wir haben uns hier f\u00fcr eine Woche sehr wohl gef\u00fchlt.<\/span><\/p>\n<p style=\"text-align: center;\"><span style=\"font-family: arial, helvetica, sans-serif; font-size: medium;\">Die Verpflegung war mehr als okay und das Personal war freundlich.<\/span><\/p>\n<p style=\"text-align: center;\"><span style=\"font-family: arial, helvetica, sans-serif; font-size: medium;\">Alle Bereiche des Hotels sind klimatisiert und direkt vor der T\u00fcr gibt es diverse Einkaufsm\u00f6glichkeiten, Bars und Restaurants.<\/span><\/p>\n<p style=\"text-align: center;\"><span style=\"font-family: arial, helvetica, sans-serif; font-size: medium;\">Zum feinsandigen Strand von Sa Coma sind es wenige Minuten Fu\u00dfweg.<\/span><\/p>\n<p style=\"text-align: center;\"><span style=\"font-family: arial, helvetica, sans-serif; font-size: medium;\">Lediglich das Wlan des Hotels ist au\u00dferordentlich langsam und instabil.<\/span><\/p>\n<p style=\"text-align: center;\"><span style=\"font-family: arial, helvetica, sans-serif; font-size: medium;\">Flugtechnisch kann man bei Mallorca Fl\u00fcgen mit Air Berlin nicht viel verkehrt machen.<\/span><\/p>\n<p style=\"text-align: center;\"><span style=\"font-family: arial, helvetica, sans-serif; font-size: medium;\">Die Fl\u00fcge waren p\u00fcnktlich und preiswert, Personal und Service einwandfrei.<\/span><\/p>\n<p style=\"text-align: center;\"><span style=\"font-family: arial, helvetica, sans-serif; font-size: medium;\"><a href=\"https:\/\/welcome-ontour.de\/wordpress\/wp-content\/uploads\/2016\/06\/phoca_thumb_l_2016-05-13-01-phoca_thumb_l_2005-08-22-01-blau.jpg\" target=\"_blank\" rel=\"noopener noreferrer\"><img decoding=\"async\" class=\" size-full wp-image-8736\" title=\"Mallorca\" src=\"https:\/\/welcome-ontour.de\/wordpress\/wp-content\/uploads\/2016\/06\/phoca_thumb_l_2016-05-13-01-phoca_thumb_l_2005-08-22-01-blau.jpg\" width=\"880\" height=\"624\" border=\"0\" srcset=\"https:\/\/welcome-ontour.de\/wordpress\/wp-content\/uploads\/2016\/06\/phoca_thumb_l_2016-05-13-01-phoca_thumb_l_2005-08-22-01-blau.jpg 1408w, https:\/\/welcome-ontour.de\/wordpress\/wp-content\/uploads\/2016\/06\/phoca_thumb_l_2016-05-13-01-phoca_thumb_l_2005-08-22-01-blau-300x213.jpg 300w, https:\/\/welcome-ontour.de\/wordpress\/wp-content\/uploads\/2016\/06\/phoca_thumb_l_2016-05-13-01-phoca_thumb_l_2005-08-22-01-blau-1024x727.jpg 1024w, https:\/\/welcome-ontour.de\/wordpress\/wp-content\/uploads\/2016\/06\/phoca_thumb_l_2016-05-13-01-phoca_thumb_l_2005-08-22-01-blau-768x545.jpg 768w\" sizes=\"(max-width: 880px) 100vw, 880px\" \/><\/a><\/span><\/p>\n<p style=\"text-align: center;\"><span style=\"font-family: arial, helvetica, sans-serif; font-size: medium;\">\u00a0<\/span><\/p>\n<p style=\"text-align: center;\"><span style=\"font-family: arial, helvetica, sans-serif; font-size: medium;\">Zum Zahlensalat:<\/span><\/p>\n<p style=\"text-align: center;\"><span style=\"font-family: arial, helvetica, sans-serif; font-size: medium;\">Wir haben anfangs mit einem Pauschalangebot der gro\u00dfen Reiseveranstalter gelieb\u00e4ugelt.<\/span><\/p>\n<p style=\"text-align: center;\"><span style=\"font-family: arial, helvetica, sans-serif; font-size: medium;\">Aufgrund indiskutabler Flugzeiten hab ich dann mal gegengerechnet, <\/span><\/p>\n<p style=\"text-align: center;\"><span style=\"font-family: arial, helvetica, sans-serif; font-size: medium;\">was dabei rauskommt, wenn wir Fl\u00fcge und Hotel separat buchen.<\/span><\/p>\n<p style=\"text-align: center;\"><span style=\"font-family: arial, helvetica, sans-serif; font-size: medium;\">\u00dcberraschenderweise war es 100 Euro g\u00fcnstiger, daf\u00fcr logischerweise ohne Hoteltransfer.<\/span><\/p>\n<p style=\"text-align: center;\"><span style=\"font-family: arial, helvetica, sans-serif; font-size: medium;\">Die Fl\u00fcge haben wir im November 2015 direkt auf der AB-Homepage gebucht.<\/span><\/p>\n<p style=\"text-align: center;\"><span style=\"font-family: arial, helvetica, sans-serif; font-size: medium;\">Pro Person waren 147 Euro f\u00e4llig.<\/span><\/p>\n<p style=\"text-align: center;\"><span style=\"font-family: arial, helvetica, sans-serif; font-size: medium;\">Das 4* Smartline Hotel Brisa Marina wurde uns von Bekannten empfohlen.<\/span><\/p>\n<p style=\"text-align: center;\"><span style=\"font-family: arial, helvetica, sans-serif; font-size: medium;\">Sieben N\u00e4chte im Sparzimmer mit Halbpension und Fr\u00fchbucherrabatt gab es bei Neckermann f\u00fcr 141 Euro pro Person.<\/span><\/p>\n<p style=\"text-align: center;\"><span style=\"font-family: arial, helvetica, sans-serif; font-size: medium;\">Das Mietwagenangebot habe ich bei Sunnycars gefunden.<\/span><\/p>\n<p style=\"text-align: center;\"><span style=\"font-family: arial, helvetica, sans-serif; font-size: medium;\">Eine Woche BB-Kategorie (Corsa o.\u00e4.) ab\/bis PMI-Airport hat inklusive aller n\u00f6tigen Versicherungen 104 Euro gekostet.<\/span><\/p>\n<p style=\"text-align: center;\"><span style=\"font-family: arial, helvetica, sans-serif; font-size: medium;\">Flughafen-Parking in Tegel schlug mit 54 Euro zu buche.<\/span><\/p>\n<p style=\"text-align: center;\"><span style=\"font-family: arial, helvetica, sans-serif; font-size: medium;\">Macht summa summarum 734 Euro Festkosten f\u00fcr eine Woche Sommer, Sonne, Sonnenschein.<\/span><\/p>\n<p style=\"text-align: center;\"><span style=\"font-family: arial, helvetica, sans-serif; font-size: medium;\">Wir k\u00f6nnen uns gut vorstellen, so etwas \u00f6fter Mal in der Vor- oder Nachsaison zu machen <\/span><\/p>\n<p style=\"text-align: center;\"><span style=\"font-family: arial, helvetica, sans-serif; font-size: medium;\">und k\u00f6nnen es w\u00e4rmstens weiter empfehlen.<\/span><\/p>\n<p style=\"text-align: center;\"><span style=\"font-family: arial, helvetica, sans-serif; font-size: medium;\">In diesem Sinne, macht\u2019s gut Leute!<\/span><\/p>\n<p style=\"text-align: center;\"><span style=\"font-family: arial, helvetica, sans-serif; font-size: medium;\">\u00a0<\/span><\/p>\n<p style=\"text-align: center;\"><span style=\"font-family: arial, helvetica, sans-serif; font-size: medium;\"><a href=\"https:\/\/welcome-ontour.de\/wordpress\/wp-content\/uploads\/2016\/06\/phoca_thumb_l_2016-05-22-img_3315.jpg\" target=\"_blank\" rel=\"noopener noreferrer\"><img decoding=\"async\" class=\" size-full wp-image-8848\" title=\"Sunday - Bob Marley ...\" src=\"https:\/\/welcome-ontour.de\/wordpress\/wp-content\/uploads\/2016\/06\/phoca_thumb_l_2016-05-22-img_3315.jpg\" width=\"600\" height=\"451\" border=\"0\" srcset=\"https:\/\/welcome-ontour.de\/wordpress\/wp-content\/uploads\/2016\/06\/phoca_thumb_l_2016-05-22-img_3315.jpg 1331w, https:\/\/welcome-ontour.de\/wordpress\/wp-content\/uploads\/2016\/06\/phoca_thumb_l_2016-05-22-img_3315-300x225.jpg 300w, https:\/\/welcome-ontour.de\/wordpress\/wp-content\/uploads\/2016\/06\/phoca_thumb_l_2016-05-22-img_3315-1024x769.jpg 1024w, https:\/\/welcome-ontour.de\/wordpress\/wp-content\/uploads\/2016\/06\/phoca_thumb_l_2016-05-22-img_3315-768x577.jpg 768w\" sizes=\"(max-width: 600px) 100vw, 600px\" \/><\/a><\/span><\/p>\n<p style=\"text-align: center;\"><span style=\"font-family: arial, helvetica, sans-serif; font-size: medium;\">\u00a0<\/span><\/p>\n<p style=\"text-align: center;\"><span style=\"font-family: arial, helvetica, sans-serif; font-size: small;\"><a href=\"https:\/\/welcome-ontour.de\/wordpress\/index.php\/2016-05-21\/\">&lt;&lt; zur\u00fcck<\/a>\u00a0 \u00a0 \u00a0 \u00a0 \u00a0 \u00a0 \u00a0 \u00a0 \u00a0 \u00a0 \u00a0 \u00a0 \u00a0 \u00a0 \u00a0 \u00a0 \u00a0 \u00a0 \u00a0 \u00a0 \u00a0 \u00a0 \u00a0 \u00a0 \u00a0 \u00a0 \u00a0 \u00a0 \u00a0 \u00a0 \u00a0 \u00a0 \u00a0 \u00a0 \u00a0 \u00a0 \u00a0 \u00a0 \u00a0 \u00a0 \u00a0 \u00a0 \u00a0 \u00a0 \u00a0 \u00a0 \u00a0 \u00a0 \u00a0 \u00a0 \u00a0 \u00a0 \u00a0 \u00a0 \u00a0 \u00a0 \u00a0 \u00a0 \u00a0 \u00a0 \u00a0 \u00a0 \u00a0 \u00a0 \u00a0 \u00a0 \u00a0 \u00a0 \u00a0 \u00a0 \u00a0 \u00a0 \u00a0 \u00a0 \u00a0 \u00a0 \u00a0 \u00a0 \u00a0 \u00a0 \u00a0 \u00a0 \u00a0 \u00a0 \u00a0 \u00a0 \u00a0 \u00a0 \u00a0 \u00a0 \u00a0\u00a0<a href=\"https:\/\/welcome-ontour.de\/wordpress\/index.php\/reiseberichte\/\">Reiseberichte &gt;&gt;<\/a><\/span><\/p>\n","protected":false},"excerpt":{"rendered":"<p>Prolog\u00a0\u00a0. \u00a0Hinflug\u00a0\u00a0. \u00a0Mesquida\u00a0\u00a0. \u00a0Romantica\u00a0\u00a0. \u00a0Mondrago\u00a0\u00a0. \u00a0Agulla\u00a0\u00a0. \u00a0Torta\u00a0\u00a0. \u00a0Lombardes\u00a0\u00a0. \u00a0R\u00fcckflug\u00a0\u00a0. \u00a0Fazit &lt;&lt; zur\u00fcck\u00a0 \u00a0 \u00a0 \u00a0 \u00a0 \u00a0 \u00a0 \u00a0 \u00a0 \u00a0 \u00a0 \u00a0 \u00a0 \u00a0 \u00a0 \u00a0 \u00a0 \u00a0 \u00a0 \u00a0 \u00a0 \u00a0 \u00a0 \u00a0 \u00a0 \u00a0 \u00a0 \u00a0 \u00a0 \u00a0 \u00a0 \u00a0 \u00a0 \u00a0 \u00a0 \u00a0 \u00a0 \u00a0 \u00a0 \u00a0 \u00a0 \u00a0 \u00a0 \u00a0 \u00a0 \u00a0 \u00a0 \u00a0 \u00a0 \u00a0 \u00a0 \u00a0 \u00a0 \u00a0 \u00a0 \u00a0 \u00a0 \u00a0 \u00a0 \u00a0 \u00a0 \u00a0 \u00a0 \u00a0 \u00a0 \u00a0 \u00a0 \u00a0 \u00a0 \u00a0 \u00a0 \u00a0 \u00a0 \u00a0 \u00a0 \u00a0 \u00a0 \u00a0 \u00a0 \u00a0 \u00a0 \u00a0 \u00a0 \u00a0 \u00a0 \u00a0 \u00a0 \u00a0 \u00a0 \u00a0 \u00a0\u00a0Reiseberichte &gt;&gt; \u00a0 Fazit Wie anfangs erw\u00e4hnt, eine Woche Mallorca geht immer. Mitte Mai hat die Sonne schon reichlich Kraft, Flug- und Hotelkosten sind \u00fcberschaubar und es sind noch nicht so viele Leute auf der Insel. Das Meerwasser ist zwar noch recht frisch, aber man kann durchaus schon gut baden. Im Vorfeld hatten wir uns die Ostk\u00fcste Mallorcas als Ziel ausgesucht. Von unserem Hotel in S\u2019Illot haben wir t\u00e4gliche Touren von Santanyi bis in die Berge um Arta unternommen. Einfach nur in Badebuchten relaxt und keinen Gedanken an den normalen Alltag verschwendet. Der kleine nagelneue Seat Ibiza war f\u00fcr uns zwei v\u00f6llig ausreichend, hat in jede Parkl\u00fccke gepasst und war echt sparsam. Wir sind insgesamt 608 km unterwegs gewesen und haben dabei 35 Liter Sprit verfahren. Das Hotel haben wir gew\u00e4hlt, weil es f\u00fcr unsere Zwecke hervorragend gelegen war. Es hat erst am Vorabend unserer Ankunft nach der Winterpause wieder er\u00f6ffnet. Zimmer und \u00f6ffentliche Bereiche waren frisch renoviert. Wir haben uns hier f\u00fcr eine Woche sehr wohl gef\u00fchlt. Die Verpflegung war mehr als okay und das Personal war freundlich. Alle Bereiche des Hotels sind klimatisiert und direkt vor der T\u00fcr gibt es diverse Einkaufsm\u00f6glichkeiten, Bars und Restaurants. Zum feinsandigen Strand von Sa Coma sind es wenige Minuten Fu\u00dfweg. Lediglich das Wlan des Hotels ist au\u00dferordentlich langsam und instabil. Flugtechnisch kann man bei Mallorca Fl\u00fcgen mit Air Berlin nicht viel verkehrt machen. Die Fl\u00fcge waren p\u00fcnktlich und preiswert, Personal und Service einwandfrei. \u00a0 Zum Zahlensalat: Wir haben anfangs mit einem Pauschalangebot der gro\u00dfen Reiseveranstalter gelieb\u00e4ugelt. Aufgrund indiskutabler Flugzeiten hab ich dann mal gegengerechnet, was dabei rauskommt, wenn wir Fl\u00fcge und Hotel separat buchen. \u00dcberraschenderweise war es 100 Euro g\u00fcnstiger, daf\u00fcr logischerweise ohne Hoteltransfer. Die Fl\u00fcge haben wir im November 2015 direkt auf der AB-Homepage gebucht. Pro Person waren 147 Euro f\u00e4llig. Das 4* Smartline Hotel Brisa Marina wurde uns von Bekannten empfohlen. Sieben N\u00e4chte im Sparzimmer mit Halbpension und Fr\u00fchbucherrabatt gab es bei Neckermann f\u00fcr 141 Euro pro Person. Das Mietwagenangebot habe ich bei Sunnycars gefunden. Eine Woche BB-Kategorie (Corsa o.\u00e4.) ab\/bis PMI-Airport hat inklusive aller n\u00f6tigen Versicherungen 104 Euro gekostet. Flughafen-Parking in Tegel schlug mit 54 Euro zu buche. Macht summa summarum 734 Euro Festkosten f\u00fcr eine Woche Sommer, Sonne, Sonnenschein. Wir k\u00f6nnen uns gut vorstellen, so etwas \u00f6fter Mal in der Vor- oder Nachsaison zu machen und k\u00f6nnen es w\u00e4rmstens weiter empfehlen. In diesem Sinne, macht\u2019s gut Leute! \u00a0 \u00a0 &lt;&lt; zur\u00fcck\u00a0 \u00a0 \u00a0 \u00a0 \u00a0 \u00a0 \u00a0 \u00a0 \u00a0 \u00a0 \u00a0 \u00a0 \u00a0 \u00a0 \u00a0 \u00a0 \u00a0 \u00a0 \u00a0 \u00a0 \u00a0 \u00a0 \u00a0 \u00a0 \u00a0 \u00a0 \u00a0 \u00a0 \u00a0 \u00a0 \u00a0 \u00a0 \u00a0 \u00a0 \u00a0 \u00a0 \u00a0 \u00a0 \u00a0 \u00a0 \u00a0 \u00a0 \u00a0 \u00a0 \u00a0 \u00a0 \u00a0 \u00a0 \u00a0 \u00a0 \u00a0 \u00a0 \u00a0 \u00a0 \u00a0 \u00a0 \u00a0 \u00a0 \u00a0 \u00a0 \u00a0 \u00a0 \u00a0 \u00a0 \u00a0 \u00a0 \u00a0 \u00a0 \u00a0 \u00a0 \u00a0 \u00a0 \u00a0 \u00a0 \u00a0 \u00a0 \u00a0 \u00a0 \u00a0 \u00a0 \u00a0 \u00a0 \u00a0 \u00a0 \u00a0 \u00a0 \u00a0 \u00a0 \u00a0 \u00a0 \u00a0\u00a0Reiseberichte &gt;&gt;<\/p>\n","protected":false},"author":1,"featured_media":8736,"parent":0,"menu_order":0,"comment_status":"closed","ping_status":"closed","template":"","meta":{"footnotes":""},"class_list":["post-8849","page","type-page","status-publish","has-post-thumbnail","hentry"],"_links":{"self":[{"href":"https:\/\/welcome-ontour.de\/wordpress\/index.php\/wp-json\/wp\/v2\/pages\/8849","targetHints":{"allow":["GET"]}}],"collection":[{"href":"https:\/\/welcome-ontour.de\/wordpress\/index.php\/wp-json\/wp\/v2\/pages"}],"about":[{"href":"https:\/\/welcome-ontour.de\/wordpress\/index.php\/wp-json\/wp\/v2\/types\/page"}],"author":[{"embeddable":true,"href":"https:\/\/welcome-ontour.de\/wordpress\/index.php\/wp-json\/wp\/v2\/users\/1"}],"replies":[{"embeddable":true,"href":"https:\/\/welcome-ontour.de\/wordpress\/index.php\/wp-json\/wp\/v2\/comments?post=8849"}],"version-history":[{"count":4,"href":"https:\/\/welcome-ontour.de\/wordpress\/index.php\/wp-json\/wp\/v2\/pages\/8849\/revisions"}],"predecessor-version":[{"id":16831,"href":"https:\/\/welcome-ontour.de\/wordpress\/index.php\/wp-json\/wp\/v2\/pages\/8849\/revisions\/16831"}],"wp:featuredmedia":[{"embeddable":true,"href":"https:\/\/welcome-ontour.de\/wordpress\/index.php\/wp-json\/wp\/v2\/media\/8736"}],"wp:attachment":[{"href":"https:\/\/welcome-ontour.de\/wordpress\/index.php\/wp-json\/wp\/v2\/media?parent=8849"}],"curies":[{"name":"wp","href":"https:\/\/api.w.org\/{rel}","templated":true}]}}