{"id":6764,"date":"2014-09-16T06:38:17","date_gmt":"2014-09-16T06:38:17","guid":{"rendered":"https:\/\/welcome-ontour.de\/wordpress\/index.php\/2014-09-03\/"},"modified":"2022-06-30T23:06:38","modified_gmt":"2022-06-30T23:06:38","slug":"2014-09-03","status":"publish","type":"page","link":"https:\/\/welcome-ontour.de\/wordpress\/index.php\/2014-09-03\/","title":{"rendered":"2014 09 03"},"content":{"rendered":"<p style=\"text-align: center;\"><span style=\"font-family: arial, helvetica, sans-serif; font-size: 8pt;\"><a href=\"https:\/\/welcome-ontour.de\/wordpress\/index.php\/2014-08-27-prolog\/\">Prolog<\/a>\u00a0 \u00a0<a href=\"https:\/\/welcome-ontour.de\/wordpress\/index.php\/2014-08-28\/\">Hinflug<\/a>\u00a0 \u00a0<a href=\"https:\/\/welcome-ontour.de\/wordpress\/index.php\/2014-08-29\/\">Vadella\/Carbo<\/a>\u00a0 \u00a0<a href=\"https:\/\/welcome-ontour.de\/wordpress\/index.php\/2014-08-30\/\">Mastella\/Figueral<\/a>\u00a0 \u00a0<a href=\"https:\/\/welcome-ontour.de\/wordpress\/index.php\/2014-08-31\/\">Portinax\/Agnes<\/a>\u00a0 \u00a0<a href=\"https:\/\/welcome-ontour.de\/wordpress\/index.php\/2014-09-01\/\">Formentera<\/a>\u00a0 \u00a0<a href=\"https:\/\/welcome-ontour.de\/wordpress\/index.php\/2014-09-02\/\">Salines\/Caleta<\/a>\u00a0 \u00a0<a href=\"https:\/\/welcome-ontour.de\/wordpress\/index.php\/2014-09-03\/\">Comte\/Codolar<\/a>\u00a0 \u00a0<a href=\"https:\/\/welcome-ontour.de\/wordpress\/index.php\/2014-09-04\/\">Salada<\/a>\u00a0 \u00a0<a href=\"https:\/\/welcome-ontour.de\/wordpress\/index.php\/2014-09-05\/\">Hort\/Carbo<\/a>\u00a0 \u00a0<a href=\"https:\/\/welcome-ontour.de\/wordpress\/index.php\/2014-09-06\/\">Gertrudis\/Vicente<\/a>\u00a0 \u00a0<a href=\"https:\/\/welcome-ontour.de\/wordpress\/index.php\/2014-09-07\/\">Comte\/Carbo<\/a>\u00a0 \u00a0<a href=\"https:\/\/welcome-ontour.de\/wordpress\/index.php\/2014-09-08\/\">R\u00fcckflug<\/a>\u00a0 \u00a0<a href=\"https:\/\/welcome-ontour.de\/wordpress\/index.php\/2014-09-09-fazit\/\">Fazit<\/a><span style=\"line-height: 1.3em;\">\u00a0<\/span><\/span><\/p>\n<p style=\"text-align: center;\"><span style=\"font-family: arial, helvetica, sans-serif; font-size: medium; line-height: 1.3em;\">\u00a0<\/span><\/p>\n<p style=\"text-align: center;\"><span style=\"font-size: 10pt;\"><a style=\"font-family: arial, helvetica, sans-serif; line-height: 1.3em;\" href=\"https:\/\/welcome-ontour.de\/wordpress\/index.php\/2014-09-02\">&lt;&lt; Zur\u00fcck<\/a><span style=\"font-family: arial, helvetica, sans-serif; line-height: 1.3em;\">\u00a0 \u00a0 \u00a0 \u00a0 \u00a0 \u00a0 \u00a0 \u00a0 \u00a0 \u00a0 \u00a0 \u00a0 \u00a0 \u00a0 \u00a0 \u00a0 \u00a0 \u00a0 \u00a0 \u00a0 \u00a0 \u00a0 \u00a0 \u00a0 \u00a0 \u00a0 \u00a0 \u00a0 \u00a0 \u00a0 \u00a0 \u00a0 \u00a0 \u00a0 \u00a0 \u00a0 \u00a0 \u00a0 \u00a0 \u00a0 \u00a0 \u00a0 \u00a0 \u00a0 \u00a0 \u00a0 \u00a0 \u00a0 \u00a0 \u00a0 \u00a0 \u00a0 \u00a0 \u00a0 \u00a0 \u00a0 \u00a0 \u00a0 \u00a0 \u00a0 \u00a0 \u00a0 \u00a0 \u00a0 \u00a0 \u00a0 \u00a0 \u00a0 \u00a0 \u00a0 \u00a0 \u00a0 \u00a0 \u00a0 \u00a0 \u00a0 \u00a0 \u00a0 \u00a0 \u00a0 \u00a0 \u00a0 \u00a0 \u00a0 \u00a0 \u00a0 \u00a0 \u00a0 \u00a0 \u00a0 \u00a0 \u00a0 \u00a0 \u00a0 \u00a0<\/span><a style=\"font-family: arial, helvetica, sans-serif; line-height: 1.3em;\" href=\"https:\/\/welcome-ontour.de\/wordpress\/index.php\/2014-09-04\">Weiter &gt;&gt;<\/a><\/span><\/p>\n<p style=\"text-align: center;\"><strong><span style=\"font-family: arial, helvetica, sans-serif; font-size: medium;\">\u00a0<\/span><\/strong><\/p>\n<p style=\"text-align: center;\"><strong><span style=\"font-family: arial, helvetica, sans-serif; font-size: medium;\">Mi 3.9.2014<\/span><\/strong><\/p>\n<p style=\"text-align: center;\"><strong><span style=\"font-family: arial, helvetica, sans-serif; font-size: medium;\">Cala Comte \/ Cala Codolar<\/span><\/strong><\/p>\n<p style=\"text-align: center;\"><span style=\"font-family: arial, helvetica, sans-serif; font-size: medium;\">\u00a0<\/span><\/p>\n<p style=\"text-align: center;\"><span style=\"font-family: arial, helvetica, sans-serif; font-size: medium;\">Heute schlafen wir mal wieder richtig aus, nehmen ein sp\u00e4tes Hotelfr\u00fchst\u00fcck und fahren zur Cala Comte.<\/span><\/p>\n<p style=\"text-align: center;\"><span style=\"font-family: arial, helvetica, sans-serif; font-size: medium;\">\u00a0<\/span><\/p>\n<p style=\"text-align: center;\"><span style=\"font-family: arial, helvetica, sans-serif; font-size: medium;\"><a href=\"https:\/\/welcome-ontour.de\/wordpress\/wp-content\/uploads\/2014\/09\/phoca_thumb_l_2014-09-03-01-dsc06543_stitch.jpg\" target=\"_blank\" rel=\"noopener noreferrer\"><img decoding=\"async\" class=\" size-full wp-image-6754\" title=\"Sunset Ashram Cala Comte\" src=\"https:\/\/welcome-ontour.de\/wordpress\/wp-content\/uploads\/2014\/09\/phoca_thumb_l_2014-09-03-01-dsc06543_stitch.jpg\" width=\"810\" height=\"360\" border=\"0\" srcset=\"https:\/\/welcome-ontour.de\/wordpress\/wp-content\/uploads\/2014\/09\/phoca_thumb_l_2014-09-03-01-dsc06543_stitch.jpg 1800w, https:\/\/welcome-ontour.de\/wordpress\/wp-content\/uploads\/2014\/09\/phoca_thumb_l_2014-09-03-01-dsc06543_stitch-300x133.jpg 300w, https:\/\/welcome-ontour.de\/wordpress\/wp-content\/uploads\/2014\/09\/phoca_thumb_l_2014-09-03-01-dsc06543_stitch-1024x455.jpg 1024w, https:\/\/welcome-ontour.de\/wordpress\/wp-content\/uploads\/2014\/09\/phoca_thumb_l_2014-09-03-01-dsc06543_stitch-768x341.jpg 768w, https:\/\/welcome-ontour.de\/wordpress\/wp-content\/uploads\/2014\/09\/phoca_thumb_l_2014-09-03-01-dsc06543_stitch-1536x682.jpg 1536w, https:\/\/welcome-ontour.de\/wordpress\/wp-content\/uploads\/2014\/09\/phoca_thumb_l_2014-09-03-01-dsc06543_stitch-1568x696.jpg 1568w\" sizes=\"(max-width: 810px) 100vw, 810px\" \/><\/a><\/span><\/p>\n<p style=\"text-align: center;\"><span style=\"font-family: arial, helvetica, sans-serif; font-size: medium;\">\u00a0<\/span><\/p>\n<p style=\"text-align: center;\"><span style=\"font-family: arial, helvetica, sans-serif; font-size: medium;\">Die Playa mit der Illa des Bosc vor der Nase ist vormittags angenehm leer.<\/span><\/p>\n<p style=\"text-align: center;\"><span style=\"font-family: arial, helvetica, sans-serif; font-size: medium;\">\u00a0<\/span><\/p>\n<p style=\"text-align: center;\"><span style=\"font-family: arial, helvetica, sans-serif; font-size: medium;\"><a href=\"https:\/\/welcome-ontour.de\/wordpress\/wp-content\/uploads\/2014\/09\/phoca_thumb_l_2014-09-03-02-dsc06549_stitch.jpg\" target=\"_blank\" rel=\"noopener noreferrer\"><img decoding=\"async\" class=\" size-full wp-image-6755\" title=\"Cala Comte\" src=\"https:\/\/welcome-ontour.de\/wordpress\/wp-content\/uploads\/2014\/09\/phoca_thumb_l_2014-09-03-02-dsc06549_stitch.jpg\" width=\"810\" height=\"264\" border=\"0\" srcset=\"https:\/\/welcome-ontour.de\/wordpress\/wp-content\/uploads\/2014\/09\/phoca_thumb_l_2014-09-03-02-dsc06549_stitch.jpg 1800w, https:\/\/welcome-ontour.de\/wordpress\/wp-content\/uploads\/2014\/09\/phoca_thumb_l_2014-09-03-02-dsc06549_stitch-300x98.jpg 300w, https:\/\/welcome-ontour.de\/wordpress\/wp-content\/uploads\/2014\/09\/phoca_thumb_l_2014-09-03-02-dsc06549_stitch-1024x333.jpg 1024w, https:\/\/welcome-ontour.de\/wordpress\/wp-content\/uploads\/2014\/09\/phoca_thumb_l_2014-09-03-02-dsc06549_stitch-768x250.jpg 768w, https:\/\/welcome-ontour.de\/wordpress\/wp-content\/uploads\/2014\/09\/phoca_thumb_l_2014-09-03-02-dsc06549_stitch-1536x500.jpg 1536w, https:\/\/welcome-ontour.de\/wordpress\/wp-content\/uploads\/2014\/09\/phoca_thumb_l_2014-09-03-02-dsc06549_stitch-1568x510.jpg 1568w\" sizes=\"(max-width: 810px) 100vw, 810px\" \/><\/a><\/span><\/p>\n<p style=\"text-align: center;\"><span style=\"font-family: arial, helvetica, sans-serif; font-size: medium;\">\u00a0<\/span><\/p>\n<p style=\"text-align: center;\"><span style=\"font-family: arial, helvetica, sans-serif; font-size: medium;\">Im glasklaren Wasser glitzern verschiedene bunte Fische und lassen sich nicht von den paar Badeg\u00e4sten st\u00f6ren.<\/span><\/p>\n<p style=\"text-align: center;\"><span style=\"font-family: arial, helvetica, sans-serif; font-size: medium;\">Auch wir vergessen alles um uns und genie\u00dfen bei Sonnen und Baden das sch\u00f6ne Wetter.<\/span><\/p>\n<p style=\"text-align: center;\"><span style=\"font-family: arial, helvetica, sans-serif; font-size: medium;\">\u00a0<\/span><\/p>\n<p style=\"text-align: center;\"><span style=\"font-family: arial, helvetica, sans-serif; font-size: medium;\"><a href=\"https:\/\/welcome-ontour.de\/wordpress\/wp-content\/uploads\/2014\/09\/phoca_thumb_l_2014-09-03-03-dsc06580.jpg\" target=\"_blank\" rel=\"noopener noreferrer\"><img decoding=\"async\" class=\" size-full wp-image-6756\" title=\"Cala Comte\" src=\"https:\/\/welcome-ontour.de\/wordpress\/wp-content\/uploads\/2014\/09\/phoca_thumb_l_2014-09-03-03-dsc06580.jpg\" width=\"810\" height=\"543\" border=\"0\" srcset=\"https:\/\/welcome-ontour.de\/wordpress\/wp-content\/uploads\/2014\/09\/phoca_thumb_l_2014-09-03-03-dsc06580.jpg 1491w, https:\/\/welcome-ontour.de\/wordpress\/wp-content\/uploads\/2014\/09\/phoca_thumb_l_2014-09-03-03-dsc06580-300x201.jpg 300w, https:\/\/welcome-ontour.de\/wordpress\/wp-content\/uploads\/2014\/09\/phoca_thumb_l_2014-09-03-03-dsc06580-1024x687.jpg 1024w, https:\/\/welcome-ontour.de\/wordpress\/wp-content\/uploads\/2014\/09\/phoca_thumb_l_2014-09-03-03-dsc06580-768x515.jpg 768w\" sizes=\"(max-width: 810px) 100vw, 810px\" \/><\/a><\/span><\/p>\n<p style=\"text-align: center;\"><span style=\"font-family: arial, helvetica, sans-serif; font-size: medium;\">\u00a0<\/span><\/p>\n<p style=\"text-align: center;\"><span style=\"font-family: arial, helvetica, sans-serif; font-size: medium;\"><a href=\"https:\/\/welcome-ontour.de\/wordpress\/wp-content\/uploads\/2014\/09\/phoca_thumb_l_2014-09-03-04-dsc06592.jpg\" target=\"_blank\" rel=\"noopener noreferrer\"><img decoding=\"async\" class=\" size-full wp-image-6757\" title=\"Cala Comte\" src=\"https:\/\/welcome-ontour.de\/wordpress\/wp-content\/uploads\/2014\/09\/phoca_thumb_l_2014-09-03-04-dsc06592.jpg\" width=\"264\" height=\"177\" border=\"0\" srcset=\"https:\/\/welcome-ontour.de\/wordpress\/wp-content\/uploads\/2014\/09\/phoca_thumb_l_2014-09-03-04-dsc06592.jpg 800w, https:\/\/welcome-ontour.de\/wordpress\/wp-content\/uploads\/2014\/09\/phoca_thumb_l_2014-09-03-04-dsc06592-300x202.jpg 300w, https:\/\/welcome-ontour.de\/wordpress\/wp-content\/uploads\/2014\/09\/phoca_thumb_l_2014-09-03-04-dsc06592-768x516.jpg 768w\" sizes=\"(max-width: 264px) 100vw, 264px\" \/><\/a>\u00a0 <a href=\"https:\/\/welcome-ontour.de\/wordpress\/wp-content\/uploads\/2014\/09\/phoca_thumb_l_2014-09-03-05-dsc06582.jpg\" target=\"_blank\" rel=\"noopener noreferrer\"><img decoding=\"async\" class=\" size-full wp-image-6758\" title=\"Cala Comte\" src=\"https:\/\/welcome-ontour.de\/wordpress\/wp-content\/uploads\/2014\/09\/phoca_thumb_l_2014-09-03-05-dsc06582.jpg\" width=\"264\" height=\"177\" border=\"0\" srcset=\"https:\/\/welcome-ontour.de\/wordpress\/wp-content\/uploads\/2014\/09\/phoca_thumb_l_2014-09-03-05-dsc06582.jpg 800w, https:\/\/welcome-ontour.de\/wordpress\/wp-content\/uploads\/2014\/09\/phoca_thumb_l_2014-09-03-05-dsc06582-300x201.jpg 300w, https:\/\/welcome-ontour.de\/wordpress\/wp-content\/uploads\/2014\/09\/phoca_thumb_l_2014-09-03-05-dsc06582-768x514.jpg 768w\" sizes=\"(max-width: 264px) 100vw, 264px\" \/><\/a>\u00a0 <img decoding=\"async\" class=\" size-full wp-image-6759\" title=\"Cala Comte\" src=\"https:\/\/welcome-ontour.de\/wordpress\/wp-content\/uploads\/2014\/09\/phoca_thumb_l_2014-09-03-06-dsc06590.jpg\" width=\"264\" height=\"177\" border=\"0\" srcset=\"https:\/\/welcome-ontour.de\/wordpress\/wp-content\/uploads\/2014\/09\/phoca_thumb_l_2014-09-03-06-dsc06590.jpg 800w, https:\/\/welcome-ontour.de\/wordpress\/wp-content\/uploads\/2014\/09\/phoca_thumb_l_2014-09-03-06-dsc06590-300x201.jpg 300w, https:\/\/welcome-ontour.de\/wordpress\/wp-content\/uploads\/2014\/09\/phoca_thumb_l_2014-09-03-06-dsc06590-768x514.jpg 768w\" sizes=\"(max-width: 264px) 100vw, 264px\" \/><\/span><\/p>\n<p style=\"text-align: center;\"><span style=\"font-family: arial, helvetica, sans-serif; font-size: medium;\">\u00a0<\/span><\/p>\n<p style=\"text-align: center;\"><span style=\"font-family: arial, helvetica, sans-serif; font-size: medium;\"><a href=\"https:\/\/welcome-ontour.de\/wordpress\/wp-content\/uploads\/2014\/09\/phoca_thumb_l_2014-09-03-07-dsc06594_stitch.jpg\" target=\"_blank\" rel=\"noopener noreferrer\"><img decoding=\"async\" class=\" size-full wp-image-6760\" title=\"Cala Comte\" src=\"https:\/\/welcome-ontour.de\/wordpress\/wp-content\/uploads\/2014\/09\/phoca_thumb_l_2014-09-03-07-dsc06594_stitch.jpg\" width=\"810\" height=\"323\" border=\"0\" srcset=\"https:\/\/welcome-ontour.de\/wordpress\/wp-content\/uploads\/2014\/09\/phoca_thumb_l_2014-09-03-07-dsc06594_stitch.jpg 1800w, https:\/\/welcome-ontour.de\/wordpress\/wp-content\/uploads\/2014\/09\/phoca_thumb_l_2014-09-03-07-dsc06594_stitch-300x120.jpg 300w, https:\/\/welcome-ontour.de\/wordpress\/wp-content\/uploads\/2014\/09\/phoca_thumb_l_2014-09-03-07-dsc06594_stitch-1024x408.jpg 1024w, https:\/\/welcome-ontour.de\/wordpress\/wp-content\/uploads\/2014\/09\/phoca_thumb_l_2014-09-03-07-dsc06594_stitch-768x306.jpg 768w, https:\/\/welcome-ontour.de\/wordpress\/wp-content\/uploads\/2014\/09\/phoca_thumb_l_2014-09-03-07-dsc06594_stitch-1536x612.jpg 1536w, https:\/\/welcome-ontour.de\/wordpress\/wp-content\/uploads\/2014\/09\/phoca_thumb_l_2014-09-03-07-dsc06594_stitch-1568x625.jpg 1568w\" sizes=\"(max-width: 810px) 100vw, 810px\" \/><\/a><\/span><\/p>\n<p style=\"text-align: center;\"><span style=\"font-family: arial, helvetica, sans-serif; font-size: medium;\">\u00a0<\/span><\/p>\n<p style=\"text-align: center;\"><span style=\"font-family: arial, helvetica, sans-serif; font-size: medium;\">Drei Stunden sp\u00e4ter sieht die Welt schon anders aus.<\/span><\/p>\n<p style=\"text-align: center;\"><span style=\"font-family: arial, helvetica, sans-serif; font-size: medium;\">Der kleine Strandabschnitt ist \u00fcberf\u00fcllt und die aufdringlichen Sonnenbrillen-Hut-CD-Dope-Verk\u00e4ufer<\/span><\/p>\n<p style=\"text-align: center;\"><span style=\"font-family: arial, helvetica, sans-serif; font-size: medium;\">schaufeln einem beim Vorbeigehen den Strandsand in die Visage.<\/span><\/p>\n<p style=\"text-align: center;\"><span style=\"font-family: arial, helvetica, sans-serif; font-size: medium;\">Obwohl Wetter und Umgebung zur Siesta einladen, brechen wir unsere Zelte ab.<\/span><\/p>\n<p style=\"text-align: center;\"><span style=\"font-family: arial, helvetica, sans-serif; font-size: medium;\">Wollen im Supermarkt kalte Getr\u00e4nke holen und uns in eine andere kleinere Bucht verkr\u00fcmeln.<\/span><\/p>\n<p style=\"text-align: center;\"><span style=\"font-family: arial, helvetica, sans-serif; font-size: medium;\">Kaltes Wasser und frisches Obst ist schnell beschafft.<\/span><\/p>\n<p style=\"text-align: center;\"><span style=\"font-family: arial, helvetica, sans-serif; font-size: medium;\">Wir fahren den staubigen Sandweg runter zur Cala Codolar.<\/span><\/p>\n<p style=\"text-align: center;\"><span style=\"font-family: arial, helvetica, sans-serif; font-size: medium;\">Hier gef\u00e4llt\u2019s uns besser.<\/span><\/p>\n<p style=\"text-align: center;\"><span style=\"font-family: arial, helvetica, sans-serif; font-size: medium;\">Die Bucht ist nur sp\u00e4rlich besucht und ein kleines Strandrestaurant l\u00e4dt zum Verweilen ein.<\/span><\/p>\n<p style=\"text-align: center;\"><span style=\"font-family: arial, helvetica, sans-serif; font-size: medium;\">Der Wasserzugang ist etwas steinig, aber zum Schwimmen ist es hier ideal.<\/span><\/p>\n<p style=\"text-align: center;\"><span style=\"font-family: arial, helvetica, sans-serif; font-size: medium;\">\u00a0<\/span><\/p>\n<p style=\"text-align: center;\"><span style=\"font-family: arial, helvetica, sans-serif; font-size: medium;\"><img decoding=\"async\" class=\" size-full wp-image-6761\" title=\"Cala Codolar\" src=\"https:\/\/welcome-ontour.de\/wordpress\/wp-content\/uploads\/2014\/09\/phoca_thumb_l_2014-09-03-08-calacodolar1.jpg\" width=\"400\" height=\"301\" border=\"0\" srcset=\"https:\/\/welcome-ontour.de\/wordpress\/wp-content\/uploads\/2014\/09\/phoca_thumb_l_2014-09-03-08-calacodolar1.jpg 750w, https:\/\/welcome-ontour.de\/wordpress\/wp-content\/uploads\/2014\/09\/phoca_thumb_l_2014-09-03-08-calacodolar1-300x226.jpg 300w\" sizes=\"(max-width: 400px) 100vw, 400px\" \/>\u00a0 <img decoding=\"async\" class=\" size-full wp-image-6762\" title=\"Cala Codolar\" src=\"https:\/\/welcome-ontour.de\/wordpress\/wp-content\/uploads\/2014\/09\/phoca_thumb_l_2014-09-03-09-calacodolar2.jpg\" width=\"400\" height=\"301\" border=\"0\" srcset=\"https:\/\/welcome-ontour.de\/wordpress\/wp-content\/uploads\/2014\/09\/phoca_thumb_l_2014-09-03-09-calacodolar2.jpg 750w, https:\/\/welcome-ontour.de\/wordpress\/wp-content\/uploads\/2014\/09\/phoca_thumb_l_2014-09-03-09-calacodolar2-300x226.jpg 300w\" sizes=\"(max-width: 400px) 100vw, 400px\" \/><\/span><\/p>\n<p style=\"text-align: center;\"><span style=\"font-family: arial, helvetica, sans-serif; font-size: medium;\">\u00a0<\/span><\/p>\n<p style=\"text-align: center;\"><span style=\"font-family: arial, helvetica, sans-serif; font-size: medium;\">Wir bleiben bis zum fr\u00fchen Abend und gehen dann wieder zum Auto.<\/span><\/p>\n<p style=\"text-align: center;\"><span style=\"font-family: arial, helvetica, sans-serif; font-size: medium;\">Dort haben sich inzwischen Einbrecher an den Fahrzeugen zu schaffen gemacht.<\/span><\/p>\n<p style=\"text-align: center;\"><span style=\"font-family: arial, helvetica, sans-serif; font-size: medium;\">Bei uns ist das kleine Dreiecksfenster an der Hintert\u00fcr eingeworfen.<\/span><\/p>\n<p style=\"text-align: center;\"><span style=\"font-family: arial, helvetica, sans-serif; font-size: medium;\">Also geht es erst mal schnurstracks zum Mietwagenb\u00fcro im Hertz Parkhaus des Ibiza Airports.<\/span><\/p>\n<p style=\"text-align: center;\"><span style=\"font-family: arial, helvetica, sans-serif; font-size: medium;\">Hier geht alles schnell und unkompliziert.<\/span><\/p>\n<p style=\"text-align: center;\"><span style=\"font-family: arial, helvetica, sans-serif; font-size: medium;\">Nach 15 min fahren wir mit einem Peugeot 208 vom Hof.<\/span><\/p>\n<p style=\"text-align: center;\"><span style=\"font-family: arial, helvetica, sans-serif; font-size: medium;\">\u00a0<\/span><\/p>\n<p style=\"text-align: center;\"><span style=\"font-family: arial, helvetica, sans-serif; font-size: medium;\"><img decoding=\"async\" class=\" size-full wp-image-6763\" title=\"Unser Neuer\" src=\"https:\/\/welcome-ontour.de\/wordpress\/wp-content\/uploads\/2014\/09\/phoca_thumb_l_2014-09-03-10-img_0192.jpg\" width=\"500\" height=\"376\" border=\"0\" srcset=\"https:\/\/welcome-ontour.de\/wordpress\/wp-content\/uploads\/2014\/09\/phoca_thumb_l_2014-09-03-10-img_0192.jpg 800w, https:\/\/welcome-ontour.de\/wordpress\/wp-content\/uploads\/2014\/09\/phoca_thumb_l_2014-09-03-10-img_0192-300x226.jpg 300w, https:\/\/welcome-ontour.de\/wordpress\/wp-content\/uploads\/2014\/09\/phoca_thumb_l_2014-09-03-10-img_0192-768x578.jpg 768w\" sizes=\"(max-width: 500px) 100vw, 500px\" \/><\/span><\/p>\n<p style=\"text-align: center;\"><span style=\"font-family: arial, helvetica, sans-serif; font-size: medium;\">\u00a0<\/span><\/p>\n<p style=\"text-align: center;\"><span style=\"font-family: arial, helvetica, sans-serif; font-size: medium;\">95 PS, dunkelblau, Baujahr 2014 und rd. 7000 km Laufleistung.<\/span><\/p>\n<p style=\"text-align: center;\"><span style=\"font-family: arial, helvetica, sans-serif; font-size: medium;\">Halb neun sind wir im Hotel, eigentlich trotz der Umst\u00e4nde reichlich entspannt.<\/span><\/p>\n<p style=\"text-align: center;\"><span style=\"font-family: arial, helvetica, sans-serif; font-size: medium;\">Nach dem Abendessen zieht sich der Balkon-Hierbas-Abgang noch bis um elf hin.<\/span><\/p>\n<p style=\"text-align: center;\"><span style=\"font-family: arial, helvetica, sans-serif; font-size: medium;\">\u00a0<\/span><\/p>\n<p style=\"text-align: center;\"><span style=\"font-family: arial, helvetica, sans-serif; font-size: medium;\">Gefahrene Kilometer: 69<\/span><\/p>\n<p style=\"text-align: center;\"><span style=\"font-family: arial, helvetica, sans-serif; font-size: medium;\">\u00a0<\/span><\/p>\n<p style=\"text-align: center;\"><span style=\"font-family: arial, helvetica, sans-serif; font-size: medium;\">Unterkunft: <a href=\"http:\/\/www.hotelosiris.com\/index_ger.html\" target=\"_blank\" rel=\"noopener noreferrer\">Hotel Osiris<\/a>, St. Antonio, Ibiza<\/span><\/p>\n<p style=\"text-align: center;\"><span style=\"font-family: arial, helvetica, sans-serif; font-size: medium;\">\u00a0<\/span><\/p>\n<p style=\"text-align: center;\"><span style=\"font-size: 10pt;\"><a style=\"font-family: arial, helvetica, sans-serif; line-height: 1.3em;\" href=\"https:\/\/welcome-ontour.de\/wordpress\/index.php\/2014-09-02\">&lt;&lt; Zur\u00fcck<\/a><span style=\"font-family: arial, helvetica, sans-serif; line-height: 1.3em;\">\u00a0 \u00a0 \u00a0 \u00a0 \u00a0 \u00a0 \u00a0 \u00a0 \u00a0 \u00a0 \u00a0 \u00a0 \u00a0 \u00a0 \u00a0 \u00a0 \u00a0 \u00a0 \u00a0 \u00a0 \u00a0 \u00a0 \u00a0 \u00a0 \u00a0 \u00a0 \u00a0 \u00a0 \u00a0 \u00a0 \u00a0 \u00a0 \u00a0 \u00a0 \u00a0 \u00a0 \u00a0 \u00a0 \u00a0 \u00a0 \u00a0 \u00a0 \u00a0 \u00a0 \u00a0 \u00a0 \u00a0 \u00a0 \u00a0 \u00a0 \u00a0 \u00a0 \u00a0 \u00a0 \u00a0 \u00a0 \u00a0 \u00a0 \u00a0 \u00a0 \u00a0 \u00a0 \u00a0 \u00a0 \u00a0 \u00a0 \u00a0 \u00a0 \u00a0 \u00a0 \u00a0 \u00a0 \u00a0 \u00a0 \u00a0 \u00a0 \u00a0 \u00a0 \u00a0 \u00a0 \u00a0 \u00a0 \u00a0 \u00a0 \u00a0 \u00a0 \u00a0 \u00a0 \u00a0 \u00a0 \u00a0 \u00a0 \u00a0 \u00a0 \u00a0<\/span><a style=\"font-family: arial, helvetica, sans-serif; line-height: 1.3em;\" href=\"https:\/\/welcome-ontour.de\/wordpress\/index.php\/2014-09-04\">Weiter &gt;&gt;<\/a><\/span><\/p>\n","protected":false},"excerpt":{"rendered":"<p>Prolog\u00a0 \u00a0Hinflug\u00a0 \u00a0Vadella\/Carbo\u00a0 \u00a0Mastella\/Figueral\u00a0 \u00a0Portinax\/Agnes\u00a0 \u00a0Formentera\u00a0 \u00a0Salines\/Caleta\u00a0 \u00a0Comte\/Codolar\u00a0 \u00a0Salada\u00a0 \u00a0Hort\/Carbo\u00a0 \u00a0Gertrudis\/Vicente\u00a0 \u00a0Comte\/Carbo\u00a0 \u00a0R\u00fcckflug\u00a0 \u00a0Fazit\u00a0 \u00a0 &lt;&lt; Zur\u00fcck\u00a0 \u00a0 \u00a0 \u00a0 \u00a0 \u00a0 \u00a0 \u00a0 \u00a0 \u00a0 \u00a0 \u00a0 \u00a0 \u00a0 \u00a0 \u00a0 \u00a0 \u00a0 \u00a0 \u00a0 \u00a0 \u00a0 \u00a0 \u00a0 \u00a0 \u00a0 \u00a0 \u00a0 \u00a0 \u00a0 \u00a0 \u00a0 \u00a0 \u00a0 \u00a0 \u00a0 \u00a0 \u00a0 \u00a0 \u00a0 \u00a0 \u00a0 \u00a0 \u00a0 \u00a0 \u00a0 \u00a0 \u00a0 \u00a0 \u00a0 \u00a0 \u00a0 \u00a0 \u00a0 \u00a0 \u00a0 \u00a0 \u00a0 \u00a0 \u00a0 \u00a0 \u00a0 \u00a0 \u00a0 \u00a0 \u00a0 \u00a0 \u00a0 \u00a0 \u00a0 \u00a0 \u00a0 \u00a0 \u00a0 \u00a0 \u00a0 \u00a0 \u00a0 \u00a0 \u00a0 \u00a0 \u00a0 \u00a0 \u00a0 \u00a0 \u00a0 \u00a0 \u00a0 \u00a0 \u00a0 \u00a0 \u00a0 \u00a0 \u00a0 \u00a0Weiter &gt;&gt; \u00a0 Mi 3.9.2014 Cala Comte \/ Cala Codolar \u00a0 Heute schlafen wir mal wieder richtig aus, nehmen ein sp\u00e4tes Hotelfr\u00fchst\u00fcck und fahren zur Cala Comte. \u00a0 \u00a0 Die Playa mit der Illa des Bosc vor der Nase ist vormittags angenehm leer. \u00a0 \u00a0 Im glasklaren Wasser glitzern verschiedene bunte Fische und lassen sich nicht von den paar Badeg\u00e4sten st\u00f6ren. Auch wir vergessen alles um uns und genie\u00dfen bei Sonnen und Baden das sch\u00f6ne Wetter. \u00a0 \u00a0 \u00a0 \u00a0 \u00a0 \u00a0 Drei Stunden sp\u00e4ter sieht die Welt schon anders aus. Der kleine Strandabschnitt ist \u00fcberf\u00fcllt und die aufdringlichen Sonnenbrillen-Hut-CD-Dope-Verk\u00e4ufer schaufeln einem beim Vorbeigehen den Strandsand in die Visage. Obwohl Wetter und Umgebung zur Siesta einladen, brechen wir unsere Zelte ab. Wollen im Supermarkt kalte Getr\u00e4nke holen und uns in eine andere kleinere Bucht verkr\u00fcmeln. Kaltes Wasser und frisches Obst ist schnell beschafft. Wir fahren den staubigen Sandweg runter zur Cala Codolar. Hier gef\u00e4llt\u2019s uns besser. Die Bucht ist nur sp\u00e4rlich besucht und ein kleines Strandrestaurant l\u00e4dt zum Verweilen ein. Der Wasserzugang ist etwas steinig, aber zum Schwimmen ist es hier ideal. \u00a0 \u00a0 \u00a0 Wir bleiben bis zum fr\u00fchen Abend und gehen dann wieder zum Auto. Dort haben sich inzwischen Einbrecher an den Fahrzeugen zu schaffen gemacht. Bei uns ist das kleine Dreiecksfenster an der Hintert\u00fcr eingeworfen. Also geht es erst mal schnurstracks zum Mietwagenb\u00fcro im Hertz Parkhaus des Ibiza Airports. Hier geht alles schnell und unkompliziert. Nach 15 min fahren wir mit einem Peugeot 208 vom Hof. \u00a0 \u00a0 95 PS, dunkelblau, Baujahr 2014 und rd. 7000 km Laufleistung. Halb neun sind wir im Hotel, eigentlich trotz der Umst\u00e4nde reichlich entspannt. Nach dem Abendessen zieht sich der Balkon-Hierbas-Abgang noch bis um elf hin. \u00a0 Gefahrene Kilometer: 69 \u00a0 Unterkunft: Hotel Osiris, St. Antonio, Ibiza \u00a0 &lt;&lt; Zur\u00fcck\u00a0 \u00a0 \u00a0 \u00a0 \u00a0 \u00a0 \u00a0 \u00a0 \u00a0 \u00a0 \u00a0 \u00a0 \u00a0 \u00a0 \u00a0 \u00a0 \u00a0 \u00a0 \u00a0 \u00a0 \u00a0 \u00a0 \u00a0 \u00a0 \u00a0 \u00a0 \u00a0 \u00a0 \u00a0 \u00a0 \u00a0 \u00a0 \u00a0 \u00a0 \u00a0 \u00a0 \u00a0 \u00a0 \u00a0 \u00a0 \u00a0 \u00a0 \u00a0 \u00a0 \u00a0 \u00a0 \u00a0 \u00a0 \u00a0 \u00a0 \u00a0 \u00a0 \u00a0 \u00a0 \u00a0 \u00a0 \u00a0 \u00a0 \u00a0 \u00a0 \u00a0 \u00a0 \u00a0 \u00a0 \u00a0 \u00a0 \u00a0 \u00a0 \u00a0 \u00a0 \u00a0 \u00a0 \u00a0 \u00a0 \u00a0 \u00a0 \u00a0 \u00a0 \u00a0 \u00a0 \u00a0 \u00a0 \u00a0 \u00a0 \u00a0 \u00a0 \u00a0 \u00a0 \u00a0 \u00a0 \u00a0 \u00a0 \u00a0 \u00a0 \u00a0Weiter &gt;&gt;<\/p>\n","protected":false},"author":1,"featured_media":6754,"parent":0,"menu_order":6,"comment_status":"closed","ping_status":"closed","template":"","meta":{"footnotes":""},"class_list":["post-6764","page","type-page","status-publish","has-post-thumbnail","hentry"],"_links":{"self":[{"href":"https:\/\/welcome-ontour.de\/wordpress\/index.php\/wp-json\/wp\/v2\/pages\/6764","targetHints":{"allow":["GET"]}}],"collection":[{"href":"https:\/\/welcome-ontour.de\/wordpress\/index.php\/wp-json\/wp\/v2\/pages"}],"about":[{"href":"https:\/\/welcome-ontour.de\/wordpress\/index.php\/wp-json\/wp\/v2\/types\/page"}],"author":[{"embeddable":true,"href":"https:\/\/welcome-ontour.de\/wordpress\/index.php\/wp-json\/wp\/v2\/users\/1"}],"replies":[{"embeddable":true,"href":"https:\/\/welcome-ontour.de\/wordpress\/index.php\/wp-json\/wp\/v2\/comments?post=6764"}],"version-history":[{"count":2,"href":"https:\/\/welcome-ontour.de\/wordpress\/index.php\/wp-json\/wp\/v2\/pages\/6764\/revisions"}],"predecessor-version":[{"id":17181,"href":"https:\/\/welcome-ontour.de\/wordpress\/index.php\/wp-json\/wp\/v2\/pages\/6764\/revisions\/17181"}],"wp:featuredmedia":[{"embeddable":true,"href":"https:\/\/welcome-ontour.de\/wordpress\/index.php\/wp-json\/wp\/v2\/media\/6754"}],"wp:attachment":[{"href":"https:\/\/welcome-ontour.de\/wordpress\/index.php\/wp-json\/wp\/v2\/media?parent=6764"}],"curies":[{"name":"wp","href":"https:\/\/api.w.org\/{rel}","templated":true}]}}