{"id":6670,"date":"2014-09-16T06:34:55","date_gmt":"2014-09-16T06:34:55","guid":{"rendered":"https:\/\/welcome-ontour.de\/wordpress\/index.php\/2014-08-28\/"},"modified":"2022-06-30T23:06:17","modified_gmt":"2022-06-30T23:06:17","slug":"2014-08-28","status":"publish","type":"page","link":"https:\/\/welcome-ontour.de\/wordpress\/index.php\/2014-08-28\/","title":{"rendered":"2014 08 28"},"content":{"rendered":"<p style=\"text-align: center;\"><span style=\"font-family: arial, helvetica, sans-serif; font-size: 8pt;\"><a href=\"https:\/\/welcome-ontour.de\/wordpress\/index.php\/2014-08-27-prolog\/\">Prolog<\/a>\u00a0 \u00a0<a href=\"https:\/\/welcome-ontour.de\/wordpress\/index.php\/2014-08-28\/\">Hinflug<\/a>\u00a0 \u00a0<a href=\"https:\/\/welcome-ontour.de\/wordpress\/index.php\/2014-08-29\/\">Vadella\/Carbo<\/a>\u00a0 \u00a0<a href=\"https:\/\/welcome-ontour.de\/wordpress\/index.php\/2014-08-30\/\">Mastella\/Figueral<\/a>\u00a0 \u00a0<a href=\"https:\/\/welcome-ontour.de\/wordpress\/index.php\/2014-08-31\/\">Portinax\/Agnes<\/a>\u00a0 \u00a0<a href=\"https:\/\/welcome-ontour.de\/wordpress\/index.php\/2014-09-01\/\">Formentera<\/a>\u00a0 \u00a0<a href=\"https:\/\/welcome-ontour.de\/wordpress\/index.php\/2014-09-02\/\">Salines\/Caleta<\/a>\u00a0 \u00a0<a href=\"https:\/\/welcome-ontour.de\/wordpress\/index.php\/2014-09-03\/\">Comte\/Codolar<\/a>\u00a0 \u00a0<a href=\"https:\/\/welcome-ontour.de\/wordpress\/index.php\/2014-09-04\/\">Salada<\/a>\u00a0 \u00a0<a href=\"https:\/\/welcome-ontour.de\/wordpress\/index.php\/2014-09-05\/\">Hort\/Carbo<\/a>\u00a0 \u00a0<a href=\"https:\/\/welcome-ontour.de\/wordpress\/index.php\/2014-09-06\/\">Gertrudis\/Vicente<\/a>\u00a0 \u00a0<a href=\"https:\/\/welcome-ontour.de\/wordpress\/index.php\/2014-09-07\/\">Comte\/Carbo<\/a>\u00a0 \u00a0<a href=\"https:\/\/welcome-ontour.de\/wordpress\/index.php\/2014-09-08\/\">R\u00fcckflug<\/a>\u00a0 \u00a0<a href=\"https:\/\/welcome-ontour.de\/wordpress\/index.php\/2014-09-09-fazit\/\">Fazit<\/a><span style=\"line-height: 1.3em;\">\u00a0<\/span><\/span><\/p>\n<p style=\"text-align: center;\"><span style=\"font-family: arial, helvetica, sans-serif; font-size: medium; line-height: 1.3em;\">\u00a0<\/span><\/p>\n<p style=\"text-align: center;\"><span style=\"font-size: 10pt;\"><a style=\"font-family: arial, helvetica, sans-serif; line-height: 1.3em;\" href=\"https:\/\/welcome-ontour.de\/wordpress\/index.php\/2014-08-27-prolog\/\">&lt;&lt; Zur\u00fcck<\/a><span style=\"font-family: arial, helvetica, sans-serif; line-height: 1.3em;\">\u00a0 \u00a0 \u00a0 \u00a0 \u00a0 \u00a0 \u00a0 \u00a0 \u00a0 \u00a0 \u00a0 \u00a0 \u00a0 \u00a0 \u00a0 \u00a0 \u00a0 \u00a0 \u00a0 \u00a0 \u00a0 \u00a0 \u00a0 \u00a0 \u00a0 \u00a0 \u00a0 \u00a0 \u00a0 \u00a0 \u00a0 \u00a0 \u00a0 \u00a0 \u00a0 \u00a0 \u00a0 \u00a0 \u00a0 \u00a0 \u00a0 \u00a0 \u00a0 \u00a0 \u00a0 \u00a0 \u00a0 \u00a0 \u00a0 \u00a0 \u00a0 \u00a0 \u00a0 \u00a0 \u00a0 \u00a0 \u00a0 \u00a0 \u00a0 \u00a0 \u00a0 \u00a0 \u00a0 \u00a0 \u00a0 \u00a0 \u00a0 \u00a0 \u00a0 \u00a0 \u00a0 \u00a0 \u00a0 \u00a0 \u00a0 \u00a0 \u00a0 \u00a0 \u00a0 \u00a0 \u00a0 \u00a0 \u00a0 \u00a0 \u00a0 \u00a0 \u00a0 \u00a0 \u00a0 \u00a0 \u00a0 \u00a0 \u00a0 \u00a0 \u00a0<\/span><a style=\"font-family: arial, helvetica, sans-serif; line-height: 1.3em;\" href=\"https:\/\/welcome-ontour.de\/wordpress\/index.php\/2014-08-29\">Weiter &gt;&gt;<\/a><\/span><\/p>\n<p style=\"text-align: center;\"><strong><span style=\"font-family: arial, helvetica, sans-serif; font-size: medium;\">\u00a0<\/span><\/strong><\/p>\n<p style=\"text-align: center;\"><strong><span style=\"font-family: arial, helvetica, sans-serif; font-size: medium;\">Do 28.8.2014<\/span><\/strong><\/p>\n<p style=\"text-align: center;\"><strong><span style=\"font-family: arial, helvetica, sans-serif; font-size: medium;\">Anreise<\/span><\/strong><\/p>\n<p style=\"text-align: center;\"><span style=\"font-family: arial, helvetica, sans-serif; font-size: medium;\">\u00a0<\/span><\/p>\n<p style=\"text-align: center;\"><span style=\"font-family: arial, helvetica, sans-serif; font-size: medium;\">Abflug Tegel kurz vor elf, wir k\u00f6nnen ausschlafen.<\/span><\/p>\n<p style=\"text-align: center;\"><span style=\"font-family: arial, helvetica, sans-serif; font-size: medium;\">Halb neun starten wir, wieder f\u00fchrt unser Weg zu Mc Parking.<\/span><\/p>\n<p style=\"text-align: center;\"><span style=\"font-family: arial, helvetica, sans-serif; font-size: medium;\">Dort geht es erneut angenehm schnell.<\/span><\/p>\n<p style=\"text-align: center;\"><span style=\"font-family: arial, helvetica, sans-serif; font-size: medium;\">Halb zehn setzt uns das Shuttle am Flughafen ab.<\/span><\/p>\n<p style=\"text-align: center;\"><span style=\"font-family: arial, helvetica, sans-serif; font-size: medium;\">Im Terminal C gibt es am zentralen Check In eine lange Warteschlange.<\/span><\/p>\n<p style=\"text-align: center;\"><span style=\"font-family: arial, helvetica, sans-serif; font-size: medium;\">Dank Silver Status k\u00f6nnen wir das Gep\u00e4ck am leeren Priority Check In abgeben.<\/span><\/p>\n<p style=\"text-align: center;\"><span style=\"font-family: arial, helvetica, sans-serif; font-size: medium;\">Hinter den Kontrollen gibt es einen exklusiven AB-Wartebereich f\u00fcr Statuskunden.<\/span><\/p>\n<p style=\"text-align: center;\"><span style=\"font-family: arial, helvetica, sans-serif; font-size: medium;\">Wir k\u00f6nnen uns an Essen, Trinken und Zeitschriften bedienen und nutzen das freie Wlan f\u00fcr letzte Gr\u00fc\u00dfe.<\/span><\/p>\n<p style=\"text-align: center;\"><span style=\"font-family: arial, helvetica, sans-serif; font-size: medium;\">Halb elf sind alle im Airbus A321 und wie erhofft bleibt der Sitz zwischen uns frei.<\/span><\/p>\n<p style=\"text-align: center;\"><span style=\"font-family: arial, helvetica, sans-serif; font-size: medium;\">\u00a0<\/span><\/p>\n<p style=\"text-align: center;\"><span style=\"font-family: arial, helvetica, sans-serif; font-size: medium;\"><img decoding=\"async\" class=\" size-full wp-image-6662\" title=\"A321 Tegel\" src=\"https:\/\/welcome-ontour.de\/wordpress\/wp-content\/uploads\/2014\/09\/phoca_thumb_l_2014-08-28-01-a321.jpg\" width=\"600\" height=\"452\" border=\"0\" srcset=\"https:\/\/welcome-ontour.de\/wordpress\/wp-content\/uploads\/2014\/09\/phoca_thumb_l_2014-08-28-01-a321.jpg 800w, https:\/\/welcome-ontour.de\/wordpress\/wp-content\/uploads\/2014\/09\/phoca_thumb_l_2014-08-28-01-a321-300x226.jpg 300w, https:\/\/welcome-ontour.de\/wordpress\/wp-content\/uploads\/2014\/09\/phoca_thumb_l_2014-08-28-01-a321-768x578.jpg 768w\" sizes=\"(max-width: 600px) 100vw, 600px\" \/><\/span><\/p>\n<p style=\"text-align: center;\"><span style=\"font-family: arial, helvetica, sans-serif; font-size: medium;\">\u00a0<\/span><\/p>\n<p style=\"text-align: center;\"><span style=\"font-family: arial, helvetica, sans-serif; font-size: medium;\">P\u00fcnktlich 10:50 startet AB3440 in den wolkenlosen Berliner Sp\u00e4tsommerhimmel.<\/span><\/p>\n<p style=\"text-align: center;\"><span style=\"font-family: arial, helvetica, sans-serif; font-size: medium;\">Die Flugroute f\u00fchrt \u00fcber Erfurt, Stuttgart, Genf, \u00fcbers Mittelmeer und Mallorca nach Ibiza.<\/span><\/p>\n<p style=\"text-align: center;\"><span style=\"font-family: arial, helvetica, sans-serif; font-size: medium;\">Erst mal vorbei an Ibiza-Stadt schweben wir nach einer langen Kurve 13:20 von Westen auf den Airport ein.<\/span><\/p>\n<p style=\"text-align: center;\"><span style=\"font-family: arial, helvetica, sans-serif; font-size: medium;\">Noch vor dem Gep\u00e4ck holen wir uns bei Hertz den Schl\u00fcssel f\u00fcr unseren Mietwagen.<\/span><\/p>\n<p style=\"text-align: center;\"><span style=\"font-family: arial, helvetica, sans-serif; font-size: medium;\">Ich kann mir aus 4-5 verschiedenen Kleinwagen einen aussuchen und nehm den 2014er Opel Corsa.<\/span><\/p>\n<p style=\"text-align: center;\"><span style=\"font-family: arial, helvetica, sans-serif; font-size: medium;\">Mitsamt Gep\u00e4ck erwartet uns im Parkhaus ein dunkelblauer, viert\u00fcriger Dieselflitzer.<\/span><\/p>\n<p style=\"text-align: center;\"><span style=\"font-family: arial, helvetica, sans-serif; font-size: medium;\">2700 km auf der Uhr mit Klimaanlage und erstaunlich viel Platz.<\/span><\/p>\n<p style=\"text-align: center;\"><span style=\"font-family: arial, helvetica, sans-serif; font-size: medium;\">\u00a0<\/span><\/p>\n<p style=\"text-align: center;\"><span style=\"font-family: arial, helvetica, sans-serif; font-size: medium;\"><img decoding=\"async\" class=\" size-full wp-image-6663\" title=\"corsa\" src=\"https:\/\/welcome-ontour.de\/wordpress\/wp-content\/uploads\/2014\/09\/phoca_thumb_l_2014-08-28-02-cors.jpg\" width=\"264\" height=\"199\" border=\"0\" srcset=\"https:\/\/welcome-ontour.de\/wordpress\/wp-content\/uploads\/2014\/09\/phoca_thumb_l_2014-08-28-02-cors.jpg 800w, https:\/\/welcome-ontour.de\/wordpress\/wp-content\/uploads\/2014\/09\/phoca_thumb_l_2014-08-28-02-cors-300x226.jpg 300w, https:\/\/welcome-ontour.de\/wordpress\/wp-content\/uploads\/2014\/09\/phoca_thumb_l_2014-08-28-02-cors-768x578.jpg 768w\" sizes=\"(max-width: 264px) 100vw, 264px\" \/>\u00a0 <img decoding=\"async\" class=\" size-full wp-image-6664\" title=\"corsa\" src=\"https:\/\/welcome-ontour.de\/wordpress\/wp-content\/uploads\/2014\/09\/phoca_thumb_l_2014-08-28-03-cors.jpg\" width=\"264\" height=\"199\" border=\"0\" srcset=\"https:\/\/welcome-ontour.de\/wordpress\/wp-content\/uploads\/2014\/09\/phoca_thumb_l_2014-08-28-03-cors.jpg 800w, https:\/\/welcome-ontour.de\/wordpress\/wp-content\/uploads\/2014\/09\/phoca_thumb_l_2014-08-28-03-cors-300x226.jpg 300w, https:\/\/welcome-ontour.de\/wordpress\/wp-content\/uploads\/2014\/09\/phoca_thumb_l_2014-08-28-03-cors-768x578.jpg 768w\" sizes=\"(max-width: 264px) 100vw, 264px\" \/>\u00a0 <img decoding=\"async\" class=\" size-full wp-image-6665\" title=\"corsa\" src=\"https:\/\/welcome-ontour.de\/wordpress\/wp-content\/uploads\/2014\/09\/phoca_thumb_l_2014-08-28-04-cors.jpg\" width=\"264\" height=\"199\" border=\"0\" srcset=\"https:\/\/welcome-ontour.de\/wordpress\/wp-content\/uploads\/2014\/09\/phoca_thumb_l_2014-08-28-04-cors.jpg 800w, https:\/\/welcome-ontour.de\/wordpress\/wp-content\/uploads\/2014\/09\/phoca_thumb_l_2014-08-28-04-cors-300x226.jpg 300w, https:\/\/welcome-ontour.de\/wordpress\/wp-content\/uploads\/2014\/09\/phoca_thumb_l_2014-08-28-04-cors-768x578.jpg 768w\" sizes=\"(max-width: 264px) 100vw, 264px\" \/><\/span><\/p>\n<p style=\"text-align: center;\"><span style=\"font-family: arial, helvetica, sans-serif; font-size: medium;\">\u00a0<\/span><\/p>\n<p style=\"text-align: center;\"><span style=\"font-family: arial, helvetica, sans-serif; font-size: medium;\">Bereits 30 min nach der Landung sind wir unterwegs zu unserer Bleibe, das Auto-Thermometer zeigt 33\u00b0 an.<\/span><\/p>\n<p style=\"text-align: center;\"><span style=\"font-family: arial, helvetica, sans-serif; font-size: medium;\">An der S\u00fcdk\u00fcste der Bucht von St. Antonio sind wir kurz nach zwei an unserem Quartier.<\/span><\/p>\n<p style=\"text-align: center;\"><span style=\"font-family: arial, helvetica, sans-serif; font-size: medium;\"><a href=\"http:\/\/www.hotelosiris.com\/index_ger.html\" target=\"_blank\" rel=\"noopener noreferrer\">Hotel Osiris<\/a>, 2 Sterne, 70 Zimmer und ein \u00fcberaus netter Empfang.<\/span><\/p>\n<p style=\"text-align: center;\"><span style=\"font-family: arial, helvetica, sans-serif; font-size: medium;\">Unser Room 302 ist im obersten 3. Stock und einwandfrei.<\/span><\/p>\n<p style=\"text-align: center;\"><span style=\"font-family: arial, helvetica, sans-serif; font-size: medium;\">Neues Mobiliar, angenehm harte Betten, K\u00fchlschrank, Schreibtisch, Klimaanlage, freies Wlan <\/span><\/p>\n<p style=\"text-align: center;\"><span style=\"font-family: arial, helvetica, sans-serif; font-size: medium;\">und gro\u00dfes Bad mit Wanne und Bidet.\u00a0<\/span><span style=\"font-family: arial, helvetica, sans-serif; font-size: medium; line-height: 1.3em;\">Abgerundet wird das ganze durch einen ger\u00e4umigen Balkon.<\/span><\/p>\n<p style=\"text-align: center;\"><span style=\"font-family: arial, helvetica, sans-serif; font-size: medium;\">Wir schl\u00fcpfen schnell in die Badeklamotten, holen im Supermarkt Baguettes und kalte Getr\u00e4nke <\/span><\/p>\n<p style=\"text-align: center;\"><span style=\"font-family: arial, helvetica, sans-serif; font-size: medium;\">und fahren zur <a href=\"http:\/\/www.ibiza-spotlight.de\/strand\/cala_conta_a.htm\" target=\"_blank\" rel=\"noopener noreferrer\">Playa Cala Comte<\/a>.\u00a0<\/span><span style=\"font-family: arial, helvetica, sans-serif; font-size: medium; line-height: 1.3em;\">Der Strand ist noch genau so, wie wir ihn in Erinnerung haben.<\/span><\/p>\n<p style=\"text-align: center;\"><span style=\"font-family: arial, helvetica, sans-serif; font-size: medium;\">Mit dem winzigen Unterschied, dass sich die Besucherzahl verzehnfacht hat.<\/span><\/p>\n<p style=\"text-align: center;\"><span style=\"font-family: arial, helvetica, sans-serif; font-size: medium;\">\u00a0<\/span><\/p>\n<p style=\"text-align: center;\"><span style=\"font-family: arial, helvetica, sans-serif; font-size: medium;\"><a href=\"https:\/\/welcome-ontour.de\/wordpress\/wp-content\/uploads\/2014\/09\/phoca_thumb_l_2014-08-28-05-dsc07041.jpg\" target=\"_blank\" rel=\"noopener noreferrer\"><img decoding=\"async\" class=\" size-full wp-image-6666\" title=\"Cala Comte\" src=\"https:\/\/welcome-ontour.de\/wordpress\/wp-content\/uploads\/2014\/09\/phoca_thumb_l_2014-08-28-05-dsc07041.jpg\" width=\"400\" height=\"301\" border=\"0\" srcset=\"https:\/\/welcome-ontour.de\/wordpress\/wp-content\/uploads\/2014\/09\/phoca_thumb_l_2014-08-28-05-dsc07041.jpg 800w, https:\/\/welcome-ontour.de\/wordpress\/wp-content\/uploads\/2014\/09\/phoca_thumb_l_2014-08-28-05-dsc07041-300x225.jpg 300w, https:\/\/welcome-ontour.de\/wordpress\/wp-content\/uploads\/2014\/09\/phoca_thumb_l_2014-08-28-05-dsc07041-768x577.jpg 768w\" sizes=\"(max-width: 400px) 100vw, 400px\" \/><\/a>\u00a0 <a href=\"https:\/\/welcome-ontour.de\/wordpress\/wp-content\/uploads\/2014\/09\/phoca_thumb_l_2014-08-28-06-dsc07042.jpg\" target=\"_blank\" rel=\"noopener noreferrer\"><img decoding=\"async\" class=\" size-full wp-image-6667\" title=\"Cala Comte\" src=\"https:\/\/welcome-ontour.de\/wordpress\/wp-content\/uploads\/2014\/09\/phoca_thumb_l_2014-08-28-06-dsc07042.jpg\" width=\"400\" height=\"301\" border=\"0\" srcset=\"https:\/\/welcome-ontour.de\/wordpress\/wp-content\/uploads\/2014\/09\/phoca_thumb_l_2014-08-28-06-dsc07042.jpg 800w, https:\/\/welcome-ontour.de\/wordpress\/wp-content\/uploads\/2014\/09\/phoca_thumb_l_2014-08-28-06-dsc07042-300x225.jpg 300w, https:\/\/welcome-ontour.de\/wordpress\/wp-content\/uploads\/2014\/09\/phoca_thumb_l_2014-08-28-06-dsc07042-768x577.jpg 768w\" sizes=\"(max-width: 400px) 100vw, 400px\" \/><\/a><\/span><\/p>\n<p style=\"text-align: center;\"><span style=\"font-family: arial, helvetica, sans-serif; font-size: medium;\">\u00a0<\/span><\/p>\n<p style=\"text-align: center;\"><span style=\"font-family: arial, helvetica, sans-serif; font-size: medium;\"><a href=\"https:\/\/welcome-ontour.de\/wordpress\/wp-content\/uploads\/2014\/09\/phoca_thumb_l_2014-08-28-07-dsc07048.jpg\" target=\"_blank\" rel=\"noopener noreferrer\"><img decoding=\"async\" class=\" size-full wp-image-6668\" title=\"Cala Comte\" src=\"https:\/\/welcome-ontour.de\/wordpress\/wp-content\/uploads\/2014\/09\/phoca_thumb_l_2014-08-28-07-dsc07048.jpg\" width=\"810\" height=\"543\" border=\"0\" srcset=\"https:\/\/welcome-ontour.de\/wordpress\/wp-content\/uploads\/2014\/09\/phoca_thumb_l_2014-08-28-07-dsc07048.jpg 1491w, https:\/\/welcome-ontour.de\/wordpress\/wp-content\/uploads\/2014\/09\/phoca_thumb_l_2014-08-28-07-dsc07048-300x201.jpg 300w, https:\/\/welcome-ontour.de\/wordpress\/wp-content\/uploads\/2014\/09\/phoca_thumb_l_2014-08-28-07-dsc07048-1024x687.jpg 1024w, https:\/\/welcome-ontour.de\/wordpress\/wp-content\/uploads\/2014\/09\/phoca_thumb_l_2014-08-28-07-dsc07048-768x515.jpg 768w\" sizes=\"(max-width: 810px) 100vw, 810px\" \/><\/a><\/span><\/p>\n<p style=\"text-align: center;\"><span style=\"font-family: arial, helvetica, sans-serif; font-size: medium;\">\u00a0<\/span><\/p>\n<p style=\"text-align: center;\"><span style=\"font-family: arial, helvetica, sans-serif; font-size: medium;\">Egal, das Wasser hat 27\u00b0 und wir finden f\u00fcr die n\u00e4chsten Stunden unsere Ruhe.<\/span><\/p>\n<p style=\"text-align: center;\"><span style=\"font-family: arial, helvetica, sans-serif; font-size: medium;\">Zur\u00fcck am Osiris sind wir halb acht, p\u00fcnktlich zum Abendessen.<\/span><\/p>\n<p style=\"text-align: center;\"><span style=\"font-family: arial, helvetica, sans-serif; font-size: medium;\">Wir haben mit Halbpension gebucht, denn der Preisunterschied zu \u00dcbernachtung mit Fr\u00fchst\u00fcck <\/span><\/p>\n<p style=\"text-align: center;\"><span style=\"font-family: arial, helvetica, sans-serif; font-size: medium;\">waren lediglich 28 Euro pro Person.<\/span><\/p>\n<p style=\"text-align: center;\"><span style=\"font-family: arial, helvetica, sans-serif; font-size: medium;\">Macht 2,50 je Abendessen oder 5\u20ac wenn wir es nur jeden zweiten Abend nutzen, was wir evtl. auch vorhaben.<\/span><\/p>\n<p style=\"text-align: center;\"><span style=\"font-family: arial, helvetica, sans-serif; font-size: medium;\">Das Abendessen ist absolut lecker.<\/span><\/p>\n<p style=\"text-align: center;\"><span style=\"font-family: arial, helvetica, sans-serif; font-size: medium;\">Kaltes und warmes B\u00fcfett, Salate, Suppen, Obst, Rind, Gem\u00fcse, Schwein und alles M\u00f6gliche aus dem Meer.<\/span><\/p>\n<p style=\"text-align: center;\"><span style=\"font-family: arial, helvetica, sans-serif; font-size: medium;\">Abgefuttert genie\u00dfen wir am gegen\u00fcberliegenden Strand unseren ersten Sonnenuntergang.<\/span><\/p>\n<p style=\"text-align: center;\"><span style=\"font-family: arial, helvetica, sans-serif; font-size: medium;\">\u00a0<\/span><\/p>\n<p style=\"text-align: center;\"><span style=\"font-family: arial, helvetica, sans-serif; font-size: medium;\"><a href=\"https:\/\/welcome-ontour.de\/wordpress\/wp-content\/uploads\/2014\/09\/phoca_thumb_l_2014-08-28-08-dsc06444.jpg\" target=\"_blank\" rel=\"noopener noreferrer\"><img decoding=\"async\" class=\" size-full wp-image-6669\" title=\"Sunset\" src=\"https:\/\/welcome-ontour.de\/wordpress\/wp-content\/uploads\/2014\/09\/phoca_thumb_l_2014-08-28-08-dsc06444.jpg\" width=\"600\" height=\"800\" border=\"0\" srcset=\"https:\/\/welcome-ontour.de\/wordpress\/wp-content\/uploads\/2014\/09\/phoca_thumb_l_2014-08-28-08-dsc06444.jpg 750w, https:\/\/welcome-ontour.de\/wordpress\/wp-content\/uploads\/2014\/09\/phoca_thumb_l_2014-08-28-08-dsc06444-225x300.jpg 225w\" sizes=\"(max-width: 600px) 100vw, 600px\" \/><\/a><\/span><\/p>\n<p style=\"text-align: center;\"><span style=\"font-family: arial, helvetica, sans-serif; font-size: medium;\">\u00a0<\/span><\/p>\n<p style=\"text-align: center;\"><span style=\"font-family: arial, helvetica, sans-serif; font-size: medium;\">Holen noch Getr\u00e4nke f\u00fcr den K\u00fchlschrank und nehmen auf dem Balkon <\/span><\/p>\n<p style=\"text-align: center;\"><span style=\"font-family: arial, helvetica, sans-serif; font-size: medium;\">bei noch immer \u00fcber 30\u00b0 die dringend n\u00f6tigen <a href=\"http:\/\/www.banneke.com\/Likoere\/Kraeuter\/Palo_Mari_Mayans_Ibiza_25_1.00\" target=\"_blank\" rel=\"noopener noreferrer\">Palos<\/a> und <a href=\"http:\/\/www.spirituosenworld.de\/spirituosen\/likoer\/hierbas-ibicencas.html\" target=\"_blank\" rel=\"noopener noreferrer\">Hierbas<\/a>.<\/span><\/p>\n<p style=\"text-align: center;\"><span style=\"font-family: arial, helvetica, sans-serif; font-size: medium;\">Um zehn geht\u2019s in die Waagerechte.<\/span><\/p>\n<p style=\"text-align: center;\"><span style=\"font-family: arial, helvetica, sans-serif; font-size: medium;\">Wir sind v\u00f6llig zufrieden und obwohl wir nicht viel unternommen haben, sind wir platt.<\/span><\/p>\n<p style=\"text-align: center;\"><span style=\"font-family: arial, helvetica, sans-serif; font-size: medium;\">\u00a0<\/span><\/p>\n<p style=\"text-align: center;\"><span style=\"font-family: arial, helvetica, sans-serif; font-size: medium;\">Gefahrene Kilometer: 45<\/span><\/p>\n<p style=\"text-align: center;\"><span style=\"font-family: arial, helvetica, sans-serif; font-size: medium;\">\u00a0<\/span><\/p>\n<p style=\"text-align: center;\"><span style=\"font-family: arial, helvetica, sans-serif; font-size: medium;\">\u00dcbernachtung: <a href=\"http:\/\/www.hotelosiris.com\/index_ger.html\" target=\"_blank\" rel=\"noopener noreferrer\">Hotel Osiris<\/a>, St. Antonio, Ibiza<\/span><\/p>\n<p style=\"text-align: center;\"><span style=\"font-family: arial, helvetica, sans-serif; font-size: medium;\">\u00a0<\/span><\/p>\n<p style=\"text-align: center;\"><span style=\"font-family: arial, helvetica, sans-serif; font-size: medium;\"> <span style=\"font-size: 10pt;\"><a style=\"font-family: arial, helvetica, sans-serif; line-height: 1.3em;\" href=\"https:\/\/welcome-ontour.de\/wordpress\/index.php\/2014-08-27-prolog\/\">&lt;&lt; Zur\u00fcck<\/a><span style=\"font-family: arial, helvetica, sans-serif; line-height: 1.3em;\">\u00a0 \u00a0 \u00a0 \u00a0 \u00a0 \u00a0 \u00a0 \u00a0 \u00a0 \u00a0 \u00a0 \u00a0 \u00a0 \u00a0 \u00a0 \u00a0 \u00a0 \u00a0 \u00a0 \u00a0 \u00a0 \u00a0 \u00a0 \u00a0 \u00a0 \u00a0 \u00a0 \u00a0 \u00a0 \u00a0 \u00a0 \u00a0 \u00a0 \u00a0 \u00a0 \u00a0 \u00a0 \u00a0 \u00a0 \u00a0 \u00a0 \u00a0 \u00a0 \u00a0 \u00a0 \u00a0 \u00a0 \u00a0 \u00a0 \u00a0 \u00a0 \u00a0 \u00a0 \u00a0 \u00a0 \u00a0 \u00a0 \u00a0 \u00a0 \u00a0 \u00a0 \u00a0 \u00a0 \u00a0 \u00a0 \u00a0 \u00a0 \u00a0 \u00a0 \u00a0 \u00a0 \u00a0 \u00a0 \u00a0 \u00a0 \u00a0 \u00a0 \u00a0 \u00a0 \u00a0 \u00a0 \u00a0 \u00a0 \u00a0 \u00a0 \u00a0 \u00a0 \u00a0 \u00a0 \u00a0 \u00a0 \u00a0 \u00a0 \u00a0 \u00a0<\/span><a style=\"font-family: arial, helvetica, sans-serif; line-height: 1.3em;\" href=\"https:\/\/welcome-ontour.de\/wordpress\/index.php\/2014-08-29\">Weiter &gt;&gt;<\/a><\/span><\/span><\/p>\n","protected":false},"excerpt":{"rendered":"<p>Prolog\u00a0 \u00a0Hinflug\u00a0 \u00a0Vadella\/Carbo\u00a0 \u00a0Mastella\/Figueral\u00a0 \u00a0Portinax\/Agnes\u00a0 \u00a0Formentera\u00a0 \u00a0Salines\/Caleta\u00a0 \u00a0Comte\/Codolar\u00a0 \u00a0Salada\u00a0 \u00a0Hort\/Carbo\u00a0 \u00a0Gertrudis\/Vicente\u00a0 \u00a0Comte\/Carbo\u00a0 \u00a0R\u00fcckflug\u00a0 \u00a0Fazit\u00a0 \u00a0 &lt;&lt; Zur\u00fcck\u00a0 \u00a0 \u00a0 \u00a0 \u00a0 \u00a0 \u00a0 \u00a0 \u00a0 \u00a0 \u00a0 \u00a0 \u00a0 \u00a0 \u00a0 \u00a0 \u00a0 \u00a0 \u00a0 \u00a0 \u00a0 \u00a0 \u00a0 \u00a0 \u00a0 \u00a0 \u00a0 \u00a0 \u00a0 \u00a0 \u00a0 \u00a0 \u00a0 \u00a0 \u00a0 \u00a0 \u00a0 \u00a0 \u00a0 \u00a0 \u00a0 \u00a0 \u00a0 \u00a0 \u00a0 \u00a0 \u00a0 \u00a0 \u00a0 \u00a0 \u00a0 \u00a0 \u00a0 \u00a0 \u00a0 \u00a0 \u00a0 \u00a0 \u00a0 \u00a0 \u00a0 \u00a0 \u00a0 \u00a0 \u00a0 \u00a0 \u00a0 \u00a0 \u00a0 \u00a0 \u00a0 \u00a0 \u00a0 \u00a0 \u00a0 \u00a0 \u00a0 \u00a0 \u00a0 \u00a0 \u00a0 \u00a0 \u00a0 \u00a0 \u00a0 \u00a0 \u00a0 \u00a0 \u00a0 \u00a0 \u00a0 \u00a0 \u00a0 \u00a0 \u00a0Weiter &gt;&gt; \u00a0 Do 28.8.2014 Anreise \u00a0 Abflug Tegel kurz vor elf, wir k\u00f6nnen ausschlafen. Halb neun starten wir, wieder f\u00fchrt unser Weg zu Mc Parking. Dort geht es erneut angenehm schnell. Halb zehn setzt uns das Shuttle am Flughafen ab. Im Terminal C gibt es am zentralen Check In eine lange Warteschlange. Dank Silver Status k\u00f6nnen wir das Gep\u00e4ck am leeren Priority Check In abgeben. Hinter den Kontrollen gibt es einen exklusiven AB-Wartebereich f\u00fcr Statuskunden. Wir k\u00f6nnen uns an Essen, Trinken und Zeitschriften bedienen und nutzen das freie Wlan f\u00fcr letzte Gr\u00fc\u00dfe. Halb elf sind alle im Airbus A321 und wie erhofft bleibt der Sitz zwischen uns frei. \u00a0 \u00a0 P\u00fcnktlich 10:50 startet AB3440 in den wolkenlosen Berliner Sp\u00e4tsommerhimmel. Die Flugroute f\u00fchrt \u00fcber Erfurt, Stuttgart, Genf, \u00fcbers Mittelmeer und Mallorca nach Ibiza. Erst mal vorbei an Ibiza-Stadt schweben wir nach einer langen Kurve 13:20 von Westen auf den Airport ein. Noch vor dem Gep\u00e4ck holen wir uns bei Hertz den Schl\u00fcssel f\u00fcr unseren Mietwagen. Ich kann mir aus 4-5 verschiedenen Kleinwagen einen aussuchen und nehm den 2014er Opel Corsa. Mitsamt Gep\u00e4ck erwartet uns im Parkhaus ein dunkelblauer, viert\u00fcriger Dieselflitzer. 2700 km auf der Uhr mit Klimaanlage und erstaunlich viel Platz. \u00a0 \u00a0 \u00a0 \u00a0 Bereits 30 min nach der Landung sind wir unterwegs zu unserer Bleibe, das Auto-Thermometer zeigt 33\u00b0 an. An der S\u00fcdk\u00fcste der Bucht von St. Antonio sind wir kurz nach zwei an unserem Quartier. Hotel Osiris, 2 Sterne, 70 Zimmer und ein \u00fcberaus netter Empfang. Unser Room 302 ist im obersten 3. Stock und einwandfrei. Neues Mobiliar, angenehm harte Betten, K\u00fchlschrank, Schreibtisch, Klimaanlage, freies Wlan und gro\u00dfes Bad mit Wanne und Bidet.\u00a0Abgerundet wird das ganze durch einen ger\u00e4umigen Balkon. Wir schl\u00fcpfen schnell in die Badeklamotten, holen im Supermarkt Baguettes und kalte Getr\u00e4nke und fahren zur Playa Cala Comte.\u00a0Der Strand ist noch genau so, wie wir ihn in Erinnerung haben. Mit dem winzigen Unterschied, dass sich die Besucherzahl verzehnfacht hat. \u00a0 \u00a0 \u00a0 \u00a0 Egal, das Wasser hat 27\u00b0 und wir finden f\u00fcr die n\u00e4chsten Stunden unsere Ruhe. Zur\u00fcck am Osiris sind wir halb acht, p\u00fcnktlich zum Abendessen. Wir haben mit Halbpension gebucht, denn der Preisunterschied zu \u00dcbernachtung mit Fr\u00fchst\u00fcck waren lediglich 28 Euro pro Person. Macht 2,50 je Abendessen oder 5\u20ac wenn wir es nur jeden zweiten Abend nutzen, was wir evtl. auch vorhaben. Das Abendessen ist absolut lecker. Kaltes und warmes B\u00fcfett, Salate, Suppen, Obst, Rind, Gem\u00fcse, Schwein und alles M\u00f6gliche aus dem Meer. Abgefuttert genie\u00dfen wir am gegen\u00fcberliegenden Strand unseren ersten Sonnenuntergang. \u00a0 \u00a0 Holen noch Getr\u00e4nke f\u00fcr den K\u00fchlschrank und nehmen auf dem Balkon bei noch immer \u00fcber 30\u00b0 die dringend n\u00f6tigen Palos und Hierbas. Um zehn geht\u2019s in die Waagerechte. Wir sind v\u00f6llig zufrieden und obwohl wir nicht viel unternommen haben, sind wir platt. \u00a0 Gefahrene Kilometer: 45 \u00a0 \u00dcbernachtung: Hotel Osiris, St. Antonio, Ibiza \u00a0 &lt;&lt; Zur\u00fcck\u00a0 \u00a0 \u00a0 \u00a0 \u00a0 \u00a0 \u00a0 \u00a0 \u00a0 \u00a0 \u00a0 \u00a0 \u00a0 \u00a0 \u00a0 \u00a0 \u00a0 \u00a0 \u00a0 \u00a0 \u00a0 \u00a0 \u00a0 \u00a0 \u00a0 \u00a0 \u00a0 \u00a0 \u00a0 \u00a0 \u00a0 \u00a0 \u00a0 \u00a0 \u00a0 \u00a0 \u00a0 \u00a0 \u00a0 \u00a0 \u00a0 \u00a0 \u00a0 \u00a0 \u00a0 \u00a0 \u00a0 \u00a0 \u00a0 \u00a0 \u00a0 \u00a0 \u00a0 \u00a0 \u00a0 \u00a0 \u00a0 \u00a0 \u00a0 \u00a0 \u00a0 \u00a0 \u00a0 \u00a0 \u00a0 \u00a0 \u00a0 \u00a0 \u00a0 \u00a0 \u00a0 \u00a0 \u00a0 \u00a0 \u00a0 \u00a0 \u00a0 \u00a0 \u00a0 \u00a0 \u00a0 \u00a0 \u00a0 \u00a0 \u00a0 \u00a0 \u00a0 \u00a0 \u00a0 \u00a0 \u00a0 \u00a0 \u00a0 \u00a0 \u00a0Weiter &gt;&gt;<\/p>\n","protected":false},"author":1,"featured_media":6662,"parent":0,"menu_order":2,"comment_status":"closed","ping_status":"closed","template":"","meta":{"footnotes":""},"class_list":["post-6670","page","type-page","status-publish","has-post-thumbnail","hentry"],"_links":{"self":[{"href":"https:\/\/welcome-ontour.de\/wordpress\/index.php\/wp-json\/wp\/v2\/pages\/6670","targetHints":{"allow":["GET"]}}],"collection":[{"href":"https:\/\/welcome-ontour.de\/wordpress\/index.php\/wp-json\/wp\/v2\/pages"}],"about":[{"href":"https:\/\/welcome-ontour.de\/wordpress\/index.php\/wp-json\/wp\/v2\/types\/page"}],"author":[{"embeddable":true,"href":"https:\/\/welcome-ontour.de\/wordpress\/index.php\/wp-json\/wp\/v2\/users\/1"}],"replies":[{"embeddable":true,"href":"https:\/\/welcome-ontour.de\/wordpress\/index.php\/wp-json\/wp\/v2\/comments?post=6670"}],"version-history":[{"count":3,"href":"https:\/\/welcome-ontour.de\/wordpress\/index.php\/wp-json\/wp\/v2\/pages\/6670\/revisions"}],"predecessor-version":[{"id":17171,"href":"https:\/\/welcome-ontour.de\/wordpress\/index.php\/wp-json\/wp\/v2\/pages\/6670\/revisions\/17171"}],"wp:featuredmedia":[{"embeddable":true,"href":"https:\/\/welcome-ontour.de\/wordpress\/index.php\/wp-json\/wp\/v2\/media\/6662"}],"wp:attachment":[{"href":"https:\/\/welcome-ontour.de\/wordpress\/index.php\/wp-json\/wp\/v2\/media?parent=6670"}],"curies":[{"name":"wp","href":"https:\/\/api.w.org\/{rel}","templated":true}]}}