{"id":14824,"date":"2021-06-07T09:48:49","date_gmt":"2021-06-07T09:48:49","guid":{"rendered":"https:\/\/welcome-ontour.de\/wordpress\/index.php\/2007-01-18-fazit\/"},"modified":"2022-06-30T23:06:16","modified_gmt":"2022-06-30T23:06:16","slug":"2007-01-18-fazit","status":"publish","type":"page","link":"https:\/\/welcome-ontour.de\/wordpress\/index.php\/2007-01-18-fazit\/","title":{"rendered":"2007 01 18 fazit"},"content":{"rendered":"<p style=\"text-align: center;\"><span style=\"font-size: 8pt;\"><a href=\"https:\/\/welcome-ontour.de\/wordpress\/index.php\/2007-01-09-prolog\/\">Prolog<\/a>\u00a0 \u00a0 \u00a0 \u00a0 \u00a0\u00a0<a href=\"https:\/\/welcome-ontour.de\/wordpress\/index.php\/2007-01-10\/\">Anreise<\/a>\u00a0 \u00a0 \u00a0 \u00a0 \u00a0\u00a0<a href=\"https:\/\/welcome-ontour.de\/wordpress\/index.php\/2007-01-11\/\">Palmitos<\/a>\u00a0 \u00a0 \u00a0 \u00a0 \u00a0\u00a0<a href=\"https:\/\/welcome-ontour.de\/wordpress\/index.php\/2007-01-12\/\">Mandelwanderung<\/a>\u00a0 \u00a0 \u00a0 \u00a0 \u00a0\u00a0<\/span><span style=\"font-size: 8pt;\"><a href=\"https:\/\/welcome-ontour.de\/wordpress\/index.php\/2007-01-13\/\">Strand&amp;D\u00fcnen<\/a>\u00a0 \u00a0 \u00a0 \u00a0 \u00a0\u00a0<a href=\"https:\/\/welcome-ontour.de\/wordpress\/index.php\/2007-01-14\/\">Gipfelsturm<\/a>\u00a0\u00a0 \u00a0 \u00a0 \u00a0\u00a0<a href=\"https:\/\/welcome-ontour.de\/wordpress\/index.php\/2007-01-15\/\">Soria<\/a>\u00a0 \u00a0 \u00a0 \u00a0 \u00a0\u00a0<a href=\"https:\/\/welcome-ontour.de\/wordpress\/index.php\/2007-01-16\/\">Relax<\/a>\u00a0\u00a0 \u00a0 \u00a0 \u00a0 \u00a0\u00a0<a href=\"https:\/\/welcome-ontour.de\/wordpress\/index.php\/2007-01-17\/\">R\u00fcckreise<\/a>\u00a0\u00a0 \u00a0 \u00a0 \u00a0 \u00a0<a href=\"https:\/\/welcome-ontour.de\/wordpress\/index.php\/2007-01-18-fazit\/\">Fazit<\/a><\/span><\/p>\n<p style=\"text-align: center;\">\u00a0<\/p>\n<p style=\"text-align: center;\"><a href=\"https:\/\/welcome-ontour.de\/wordpress\/index.php\/2007-01-17\/\">&lt; zur\u00fcck<\/a>\u00a0 \u00a0 \u00a0 \u00a0 \u00a0 \u00a0 \u00a0 \u00a0 \u00a0 \u00a0 \u00a0 \u00a0 \u00a0 \u00a0 \u00a0 \u00a0 \u00a0 \u00a0 \u00a0 \u00a0 \u00a0 \u00a0 \u00a0 \u00a0 \u00a0 \u00a0 \u00a0 \u00a0 \u00a0 \u00a0 \u00a0 \u00a0 \u00a0 \u00a0 \u00a0 \u00a0 \u00a0 \u00a0 \u00a0 \u00a0 \u00a0 \u00a0 \u00a0 \u00a0 \u00a0 \u00a0 \u00a0 \u00a0 \u00a0 \u00a0 \u00a0 \u00a0 \u00a0 \u00a0 \u00a0 \u00a0 \u00a0 \u00a0 \u00a0 \u00a0 \u00a0 \u00a0 \u00a0 \u00a0 \u00a0 \u00a0 \u00a0 \u00a0 \u00a0 \u00a0 \u00a0 \u00a0 \u00a0 \u00a0 \u00a0 \u00a0 \u00a0 \u00a0 \u00a0 \u00a0 \u00a0 \u00a0 \u00a0 \u00a0 \u00a0 \u00a0 \u00a0 \u00a0 \u00a0 \u00a0 \u00a0 \u00a0<a href=\"https:\/\/www.welcome-ontour.de\/alle-reiseberichte\">Reiseberichte &gt;<\/a><\/p>\n<p style=\"text-align: center;\">\u00a0<\/p>\n<p style=\"text-align: center;\"><span style=\"font-size: 14pt;\"><strong><span style=\"font-family: arial, helvetica, sans-serif;\">Fazit<\/span><\/strong><\/span><\/p>\n<p style=\"text-align: center;\"><span style=\"font-family: arial, helvetica, sans-serif; font-size: 12pt;\">\u00a0<\/span><\/p>\n<p style=\"text-align: center;\"><span style=\"font-family: arial, helvetica, sans-serif; font-size: 12pt;\"><img decoding=\"async\" class=\" size-full wp-image-14820\" src=\"https:\/\/welcome-ontour.de\/wordpress\/wp-content\/uploads\/2021\/06\/phoca_thumb_l_2007-01-18-001.jpg\" width=\"700\" height=\"287\" srcset=\"https:\/\/welcome-ontour.de\/wordpress\/wp-content\/uploads\/2021\/06\/phoca_thumb_l_2007-01-18-001.jpg 1006w, https:\/\/welcome-ontour.de\/wordpress\/wp-content\/uploads\/2021\/06\/phoca_thumb_l_2007-01-18-001-300x123.jpg 300w, https:\/\/welcome-ontour.de\/wordpress\/wp-content\/uploads\/2021\/06\/phoca_thumb_l_2007-01-18-001-768x315.jpg 768w\" sizes=\"(max-width: 700px) 100vw, 700px\" \/><\/span><\/p>\n<p style=\"text-align: center;\"><span style=\"font-family: arial, helvetica, sans-serif; font-size: 12pt;\">\u00a0<\/span><\/p>\n<p style=\"text-align: center;\"><span style=\"font-family: arial, helvetica, sans-serif; font-size: 12pt;\">Die Erholungswoche auf den Kanaren hat uns gut getan.<\/span><\/p>\n<p style=\"text-align: center;\"><span style=\"font-family: arial, helvetica, sans-serif; font-size: 12pt;\">Gran Canaria bietet eine tolle Landschaft, vor allem in den Bergen im Inselinneren.<\/span><\/p>\n<p style=\"text-align: center;\"><span style=\"font-family: arial, helvetica, sans-serif; font-size: 12pt;\">\u00a0<\/span><\/p>\n<p style=\"text-align: center;\"><span style=\"font-family: arial, helvetica, sans-serif; font-size: 12pt;\"><img decoding=\"async\" class=\" size-full wp-image-14821\" src=\"https:\/\/welcome-ontour.de\/wordpress\/wp-content\/uploads\/2021\/06\/phoca_thumb_l_2007-01-18-02.jpg\" alt=\"\" width=\"810\" height=\"609\" srcset=\"https:\/\/welcome-ontour.de\/wordpress\/wp-content\/uploads\/2021\/06\/phoca_thumb_l_2007-01-18-02.jpg 810w, https:\/\/welcome-ontour.de\/wordpress\/wp-content\/uploads\/2021\/06\/phoca_thumb_l_2007-01-18-02-300x226.jpg 300w, https:\/\/welcome-ontour.de\/wordpress\/wp-content\/uploads\/2021\/06\/phoca_thumb_l_2007-01-18-02-768x577.jpg 768w\" sizes=\"(max-width: 810px) 100vw, 810px\" \/><\/span><\/p>\n<p style=\"text-align: center;\"><span style=\"font-family: arial, helvetica, sans-serif; font-size: 12pt;\">\u00a0<\/span><\/p>\n<p style=\"text-align: center;\"><span style=\"font-family: arial, helvetica, sans-serif; font-size: 12pt;\">Auf Wanderungen ist man oftmals allein und trifft nur selten auf andere.<\/span><\/p>\n<p style=\"text-align: center;\"><span style=\"font-family: arial, helvetica, sans-serif; font-size: 12pt;\">Den krassen Gegensatz dazu bilden die Touristenhochburgen an der K\u00fcste.<\/span><\/p>\n<p style=\"text-align: center;\"><span style=\"font-family: arial, helvetica, sans-serif; font-size: 12pt;\">Die eigentlich sch\u00f6n gelegenen Badebuchten sind leider v\u00f6llig zugebaut.<\/span><\/p>\n<p style=\"text-align: center;\"><span style=\"font-family: arial, helvetica, sans-serif; font-size: 12pt;\">Natur- und Landschaftsschutz scheint in den vergangenen Jahren nur eine untergeordnete Rolle gespielt zu haben.<\/span><\/p>\n<p style=\"text-align: center;\"><span style=\"font-family: arial, helvetica, sans-serif; font-size: 12pt;\">Mit unserem Quartier waren wir zufrieden, nicht mehr und nicht weniger.<\/span><\/p>\n<p style=\"text-align: center;\"><span style=\"font-family: arial, helvetica, sans-serif; font-size: 12pt;\">Angenehm war es, ein gro\u00dfz\u00fcgiges ger\u00e4umiges Apartment zu haben und rundum versorgt gewesen zu sein.<\/span><\/p>\n<p style=\"text-align: center;\"><span style=\"font-family: arial, helvetica, sans-serif; font-size: 12pt;\">Die Lage an der Playa Aguila war nicht so optimal.<\/span><\/p>\n<p style=\"text-align: center;\"><span style=\"font-family: arial, helvetica, sans-serif; font-size: 12pt;\">Zum Baden nicht gerade super geeignet und um zu den sch\u00f6nen Str\u00e4nden <\/span><\/p>\n<p style=\"text-align: center;\"><span style=\"font-family: arial, helvetica, sans-serif; font-size: 12pt;\">an der Playa del Ingles zu gelangen, brauchte man ein Auto.<\/span><\/p>\n<p style=\"text-align: center;\"><span style=\"font-family: arial, helvetica, sans-serif; font-size: 12pt;\">Den All-Inklusive-Service haben wir eigentlich nicht gebraucht.<\/span><\/p>\n<p style=\"text-align: center;\"><span style=\"font-family: arial, helvetica, sans-serif; font-size: 12pt;\">Mit dem Wetter hatten wir Gl\u00fcck.<\/span><\/p>\n<p style=\"text-align: center;\"><span style=\"font-family: arial, helvetica, sans-serif; font-size: 12pt;\">An einem Tag war es bedeckt, aber von Regen blieben wir verschont.<\/span><\/p>\n<p style=\"text-align: center;\"><span style=\"font-family: arial, helvetica, sans-serif; font-size: 12pt;\">Ansonsten hatten wir immer um die 25\u00b0 und die Sonne hat daraus oftmals gef\u00fchlte 30 gemacht.<\/span><\/p>\n<p style=\"text-align: center;\"><span style=\"font-family: arial, helvetica, sans-serif; font-size: 12pt;\">\u00a0<\/span><\/p>\n<p style=\"text-align: center;\"><span style=\"font-family: arial, helvetica, sans-serif; font-size: 12pt;\">Die Fl\u00fcge mit LTU waren okay.<\/span><\/p>\n<p style=\"text-align: center;\"><span style=\"font-family: arial, helvetica, sans-serif; font-size: 12pt;\">F\u00fcr die doch recht lange Flugzeit h\u00e4tten wir uns gern etwas mehr Platz gew\u00fcnscht.<\/span><\/p>\n<p style=\"text-align: center;\"><span style=\"font-family: arial, helvetica, sans-serif; font-size: 12pt;\">Aber die Stewardessen waren freundlich und es gab keine Versp\u00e4tungen.<\/span><\/p>\n<p style=\"text-align: center;\"><span style=\"font-family: arial, helvetica, sans-serif; font-size: 12pt;\">Der kleine Clio hat ausgereicht, um uns drei kreuz und quer durch die Berge zu fahren.<\/span><\/p>\n<p style=\"text-align: center;\"><span style=\"font-family: arial, helvetica, sans-serif; font-size: 12pt;\">\u00a0<\/span><\/p>\n<p style=\"text-align: center;\"><span style=\"font-family: arial, helvetica, sans-serif; font-size: 12pt;\"><img decoding=\"async\" class=\" size-full wp-image-14822\" src=\"https:\/\/welcome-ontour.de\/wordpress\/wp-content\/uploads\/2021\/06\/phoca_thumb_l_2007-01-18-03.jpg\" width=\"600\" height=\"451\" srcset=\"https:\/\/welcome-ontour.de\/wordpress\/wp-content\/uploads\/2021\/06\/phoca_thumb_l_2007-01-18-03.jpg 810w, https:\/\/welcome-ontour.de\/wordpress\/wp-content\/uploads\/2021\/06\/phoca_thumb_l_2007-01-18-03-300x226.jpg 300w, https:\/\/welcome-ontour.de\/wordpress\/wp-content\/uploads\/2021\/06\/phoca_thumb_l_2007-01-18-03-768x577.jpg 768w\" sizes=\"(max-width: 600px) 100vw, 600px\" \/><\/span><\/p>\n<p style=\"text-align: center;\"><span style=\"font-family: arial, helvetica, sans-serif; font-size: 12pt;\">\u00a0<\/span><\/p>\n<p style=\"text-align: center;\"><span style=\"font-family: arial, helvetica, sans-serif; font-size: 12pt;\">Zahlen:<\/span><\/p>\n<p style=\"text-align: center;\"><span style=\"font-family: arial, helvetica, sans-serif; font-size: 12pt;\">Flug und Unterkunft haben wir als Pauschalreise bei LTU gebucht.<\/span><\/p>\n<p style=\"text-align: center;\"><span style=\"font-family: arial, helvetica, sans-serif; font-size: 12pt;\">Mitsamt Transfer von und zum Flughafen und dem All-Inklusive-Service <\/span><\/p>\n<p style=\"text-align: center;\"><span style=\"font-family: arial, helvetica, sans-serif; font-size: 12pt;\">waren daf\u00fcr rund 500 Euro pro Person f\u00e4llig.<\/span><\/p>\n<p style=\"text-align: center;\"><span style=\"font-family: arial, helvetica, sans-serif; font-size: 12pt;\">Der Mietwagen f\u00fcr f\u00fcnf Tage hat uns 100 Euro gekostet.<\/span><\/p>\n<p style=\"text-align: center;\"><span style=\"font-family: arial, helvetica, sans-serif; font-size: 12pt;\">Das war\u2019s dann auch schon.<\/span><\/p>\n<p style=\"text-align: center;\"><span style=\"font-family: arial, helvetica, sans-serif; font-size: 12pt;\">\u00a0<\/span><\/p>\n<p style=\"text-align: center;\"><span style=\"font-family: arial, helvetica, sans-serif; font-size: 12pt;\"><img decoding=\"async\" class=\" size-full wp-image-14823\" src=\"https:\/\/welcome-ontour.de\/wordpress\/wp-content\/uploads\/2021\/06\/phoca_thumb_l_2007-01-18-04.jpg\" alt=\"\" width=\"810\" height=\"609\" srcset=\"https:\/\/welcome-ontour.de\/wordpress\/wp-content\/uploads\/2021\/06\/phoca_thumb_l_2007-01-18-04.jpg 810w, https:\/\/welcome-ontour.de\/wordpress\/wp-content\/uploads\/2021\/06\/phoca_thumb_l_2007-01-18-04-300x226.jpg 300w, https:\/\/welcome-ontour.de\/wordpress\/wp-content\/uploads\/2021\/06\/phoca_thumb_l_2007-01-18-04-768x577.jpg 768w\" sizes=\"(max-width: 810px) 100vw, 810px\" \/><\/span><\/p>\n<p style=\"text-align: center;\"><span style=\"font-family: arial, helvetica, sans-serif; font-size: 12pt;\">\u00a0<\/span><\/p>\n<p style=\"text-align: center;\"><span style=\"font-family: arial, helvetica, sans-serif; font-size: 12pt;\">R\u00fcckblickend wird das wohl nicht unser letzter Besuch auf den Kanaren gewesen sein.<\/span><\/p>\n<p style=\"text-align: center;\"><span style=\"font-family: arial, helvetica, sans-serif; font-size: 12pt;\">Mildes Klima, \u00fcberschaubare Kosten und eine beeindruckende Landschaft <\/span><\/p>\n<p style=\"text-align: center;\"><span style=\"font-family: arial, helvetica, sans-serif; font-size: 12pt;\">machen dieses Reiseziel f\u00fcr uns interessant.<\/span><\/p>\n<p style=\"text-align: center;\"><span style=\"font-family: arial, helvetica, sans-serif; font-size: 12pt;\">Wann es soweit sein wird wissen wir noch nicht.<\/span><\/p>\n<p style=\"text-align: center;\"><span style=\"font-family: arial, helvetica, sans-serif; font-size: 12pt;\">Bis dahin, macht\u2019s gut Leute.<\/span><\/p>\n<p style=\"text-align: center;\"><span style=\"font-family: arial, helvetica, sans-serif; font-size: 12pt;\">\u00a0<\/span><\/p>\n<p><span style=\"font-family: arial, helvetica, sans-serif; font-size: 12pt;\"><img decoding=\"async\" class=\" size-full wp-image-14690\" style=\"display: block; margin-left: auto; margin-right: auto;\" title=\"Gran Canaria\" src=\"https:\/\/welcome-ontour.de\/wordpress\/wp-content\/uploads\/2021\/06\/phoca_thumb_l_2007-01-09-02.jpg\" width=\"133\" height=\"109\" \/><\/span><\/p>\n<p>\u00a0<\/p>\n<p style=\"text-align: center;\"><span style=\"font-size: 12pt;\"><span style=\"font-family: arial, helvetica, sans-serif;\">\u00a0<\/span><\/span><\/p>\n<p style=\"text-align: center;\"><span style=\"font-size: 10pt;\"><span style=\"font-family: arial, helvetica, sans-serif;\"><a href=\"https:\/\/welcome-ontour.de\/wordpress\/index.php\/2007-01-17\/\">&lt; zur\u00fcck<\/a>\u00a0 \u00a0 \u00a0 \u00a0 \u00a0 \u00a0 \u00a0 \u00a0 \u00a0 \u00a0 \u00a0 \u00a0 \u00a0 \u00a0 \u00a0 \u00a0 \u00a0 \u00a0 \u00a0 \u00a0 \u00a0 \u00a0 \u00a0 \u00a0 \u00a0 \u00a0 \u00a0 \u00a0 \u00a0 \u00a0 \u00a0 \u00a0 \u00a0 \u00a0 \u00a0 \u00a0 \u00a0 \u00a0 \u00a0 \u00a0 \u00a0 \u00a0 \u00a0 \u00a0 \u00a0 \u00a0 \u00a0 \u00a0 \u00a0 \u00a0 \u00a0 \u00a0 \u00a0 \u00a0 \u00a0 \u00a0 \u00a0 \u00a0 \u00a0 \u00a0 \u00a0 \u00a0 \u00a0 \u00a0 \u00a0 \u00a0 \u00a0 \u00a0 \u00a0 \u00a0 \u00a0 \u00a0 \u00a0 \u00a0 \u00a0 \u00a0 \u00a0 \u00a0 \u00a0 \u00a0 \u00a0 \u00a0 \u00a0 \u00a0 \u00a0 \u00a0 \u00a0 \u00a0 \u00a0 \u00a0 \u00a0 \u00a0<a href=\"https:\/\/www.welcome-ontour.de\/alle-reiseberichte\">Reiseberichte &gt;<\/a><\/span><\/span><\/p>\n","protected":false},"excerpt":{"rendered":"<p>Prolog\u00a0 \u00a0 \u00a0 \u00a0 \u00a0\u00a0Anreise\u00a0 \u00a0 \u00a0 \u00a0 \u00a0\u00a0Palmitos\u00a0 \u00a0 \u00a0 \u00a0 \u00a0\u00a0Mandelwanderung\u00a0 \u00a0 \u00a0 \u00a0 \u00a0\u00a0Strand&amp;D\u00fcnen\u00a0 \u00a0 \u00a0 \u00a0 \u00a0\u00a0Gipfelsturm\u00a0\u00a0 \u00a0 \u00a0 \u00a0\u00a0Soria\u00a0 \u00a0 \u00a0 \u00a0 \u00a0\u00a0Relax\u00a0\u00a0 \u00a0 \u00a0 \u00a0 \u00a0\u00a0R\u00fcckreise\u00a0\u00a0 \u00a0 \u00a0 \u00a0 \u00a0Fazit \u00a0 &lt; zur\u00fcck\u00a0 \u00a0 \u00a0 \u00a0 \u00a0 \u00a0 \u00a0 \u00a0 \u00a0 \u00a0 \u00a0 \u00a0 \u00a0 \u00a0 \u00a0 \u00a0 \u00a0 \u00a0 \u00a0 \u00a0 \u00a0 \u00a0 \u00a0 \u00a0 \u00a0 \u00a0 \u00a0 \u00a0 \u00a0 \u00a0 \u00a0 \u00a0 \u00a0 \u00a0 \u00a0 \u00a0 \u00a0 \u00a0 \u00a0 \u00a0 \u00a0 \u00a0 \u00a0 \u00a0 \u00a0 \u00a0 \u00a0 \u00a0 \u00a0 \u00a0 \u00a0 \u00a0 \u00a0 \u00a0 \u00a0 \u00a0 \u00a0 \u00a0 \u00a0 \u00a0 \u00a0 \u00a0 \u00a0 \u00a0 \u00a0 \u00a0 \u00a0 \u00a0 \u00a0 \u00a0 \u00a0 \u00a0 \u00a0 \u00a0 \u00a0 \u00a0 \u00a0 \u00a0 \u00a0 \u00a0 \u00a0 \u00a0 \u00a0 \u00a0 \u00a0 \u00a0 \u00a0 \u00a0 \u00a0 \u00a0 \u00a0 \u00a0Reiseberichte &gt; \u00a0 Fazit \u00a0 \u00a0 Die Erholungswoche auf den Kanaren hat uns gut getan. Gran Canaria bietet eine tolle Landschaft, vor allem in den Bergen im Inselinneren. \u00a0 \u00a0 Auf Wanderungen ist man oftmals allein und trifft nur selten auf andere. Den krassen Gegensatz dazu bilden die Touristenhochburgen an der K\u00fcste. Die eigentlich sch\u00f6n gelegenen Badebuchten sind leider v\u00f6llig zugebaut. Natur- und Landschaftsschutz scheint in den vergangenen Jahren nur eine untergeordnete Rolle gespielt zu haben. Mit unserem Quartier waren wir zufrieden, nicht mehr und nicht weniger. Angenehm war es, ein gro\u00dfz\u00fcgiges ger\u00e4umiges Apartment zu haben und rundum versorgt gewesen zu sein. Die Lage an der Playa Aguila war nicht so optimal. Zum Baden nicht gerade super geeignet und um zu den sch\u00f6nen Str\u00e4nden an der Playa del Ingles zu gelangen, brauchte man ein Auto. Den All-Inklusive-Service haben wir eigentlich nicht gebraucht. Mit dem Wetter hatten wir Gl\u00fcck. An einem Tag war es bedeckt, aber von Regen blieben wir verschont. Ansonsten hatten wir immer um die 25\u00b0 und die Sonne hat daraus oftmals gef\u00fchlte 30 gemacht. \u00a0 Die Fl\u00fcge mit LTU waren okay. F\u00fcr die doch recht lange Flugzeit h\u00e4tten wir uns gern etwas mehr Platz gew\u00fcnscht. Aber die Stewardessen waren freundlich und es gab keine Versp\u00e4tungen. Der kleine Clio hat ausgereicht, um uns drei kreuz und quer durch die Berge zu fahren. \u00a0 \u00a0 Zahlen: Flug und Unterkunft haben wir als Pauschalreise bei LTU gebucht. Mitsamt Transfer von und zum Flughafen und dem All-Inklusive-Service waren daf\u00fcr rund 500 Euro pro Person f\u00e4llig. Der Mietwagen f\u00fcr f\u00fcnf Tage hat uns 100 Euro gekostet. Das war\u2019s dann auch schon. \u00a0 \u00a0 R\u00fcckblickend wird das wohl nicht unser letzter Besuch auf den Kanaren gewesen sein. Mildes Klima, \u00fcberschaubare Kosten und eine beeindruckende Landschaft machen dieses Reiseziel f\u00fcr uns interessant. Wann es soweit sein wird wissen wir noch nicht. Bis dahin, macht\u2019s gut Leute. \u00a0 \u00a0 \u00a0 &lt; zur\u00fcck\u00a0 \u00a0 \u00a0 \u00a0 \u00a0 \u00a0 \u00a0 \u00a0 \u00a0 \u00a0 \u00a0 \u00a0 \u00a0 \u00a0 \u00a0 \u00a0 \u00a0 \u00a0 \u00a0 \u00a0 \u00a0 \u00a0 \u00a0 \u00a0 \u00a0 \u00a0 \u00a0 \u00a0 \u00a0 \u00a0 \u00a0 \u00a0 \u00a0 \u00a0 \u00a0 \u00a0 \u00a0 \u00a0 \u00a0 \u00a0 \u00a0 \u00a0 \u00a0 \u00a0 \u00a0 \u00a0 \u00a0 \u00a0 \u00a0 \u00a0 \u00a0 \u00a0 \u00a0 \u00a0 \u00a0 \u00a0 \u00a0 \u00a0 \u00a0 \u00a0 \u00a0 \u00a0 \u00a0 \u00a0 \u00a0 \u00a0 \u00a0 \u00a0 \u00a0 \u00a0 \u00a0 \u00a0 \u00a0 \u00a0 \u00a0 \u00a0 \u00a0 \u00a0 \u00a0 \u00a0 \u00a0 \u00a0 \u00a0 \u00a0 \u00a0 \u00a0 \u00a0 \u00a0 \u00a0 \u00a0 \u00a0 \u00a0Reiseberichte &gt;<\/p>\n","protected":false},"author":1,"featured_media":14820,"parent":0,"menu_order":0,"comment_status":"closed","ping_status":"closed","template":"","meta":{"footnotes":""},"class_list":["post-14824","page","type-page","status-publish","has-post-thumbnail","hentry"],"_links":{"self":[{"href":"https:\/\/welcome-ontour.de\/wordpress\/index.php\/wp-json\/wp\/v2\/pages\/14824","targetHints":{"allow":["GET"]}}],"collection":[{"href":"https:\/\/welcome-ontour.de\/wordpress\/index.php\/wp-json\/wp\/v2\/pages"}],"about":[{"href":"https:\/\/welcome-ontour.de\/wordpress\/index.php\/wp-json\/wp\/v2\/types\/page"}],"author":[{"embeddable":true,"href":"https:\/\/welcome-ontour.de\/wordpress\/index.php\/wp-json\/wp\/v2\/users\/1"}],"replies":[{"embeddable":true,"href":"https:\/\/welcome-ontour.de\/wordpress\/index.php\/wp-json\/wp\/v2\/comments?post=14824"}],"version-history":[{"count":1,"href":"https:\/\/welcome-ontour.de\/wordpress\/index.php\/wp-json\/wp\/v2\/pages\/14824\/revisions"}],"predecessor-version":[{"id":15025,"href":"https:\/\/welcome-ontour.de\/wordpress\/index.php\/wp-json\/wp\/v2\/pages\/14824\/revisions\/15025"}],"wp:featuredmedia":[{"embeddable":true,"href":"https:\/\/welcome-ontour.de\/wordpress\/index.php\/wp-json\/wp\/v2\/media\/14820"}],"wp:attachment":[{"href":"https:\/\/welcome-ontour.de\/wordpress\/index.php\/wp-json\/wp\/v2\/media?parent=14824"}],"curies":[{"name":"wp","href":"https:\/\/api.w.org\/{rel}","templated":true}]}}